{"id":10,"date":"2024-09-28T16:39:28","date_gmt":"2024-09-28T16:39:28","guid":{"rendered":"https:\/\/psiholog-satu-mare.com\/hu\/?page_id=10"},"modified":"2026-04-06T18:02:03","modified_gmt":"2026-04-06T18:02:03","slug":"home","status":"publish","type":"page","link":"https:\/\/psiholog-satu-mare.com\/hu\/","title":{"rendered":"Home"},"content":{"rendered":"<section class=\"l-section wpb_row height_medium width_full\"><div class=\"l-section-h i-cf\"><div class=\"g-cols vc_row via_flex valign_top type_default stacking_default\"><div class=\"vc_col-sm-12 wpb_column vc_column_container\"><div class=\"vc_column-inner\"><div class=\"wpb_wrapper\">\n\t\t\t\t<p class=\"rs-p-wp-fix\"><\/p>\n\t\t\t\t<sr7-module data-alias=\"slider-1\" data-id=\"1\" id=\"SR7_1_1\" class=\"rs-ov-hidden\" data-version=\"6.7.18\">\n\t\t\t\t\t<sr7-adjuster><\/sr7-adjuster>\n\t\t\t\t\t<sr7-content>\n\t\t\t\t\t\t<sr7-slide id=\"SR7_1_1-1\" data-key=\"1\">\n\t\t\t\t\t\t\t<sr7-bg id=\"SR7_1_1-1-4\" class=\"sr7-layer\"><noscript><img decoding=\"async\" src=\"https:\/\/psiholog-satu-mare.com\/hu\/wp-content\/uploads\/2024\/09\/Mind-Labyrinth-1-1.jpg\" alt=\"\" title=\"Mind Labyrinth (1)\"><\/noscript><\/sr7-bg>\n\t\t\t\t\t\t\t<h2 id=\"SR7_1_1-1-0\" class=\"sr7-layer\">\"A boldogs\u00e1g nem egy k\u00e9sz dolog. Az \u00f6nmagunkban rejl\u0151 boldogs\u00e1g az, amit magunknak kell megtal\u00e1lni.\"<\/h2>\n\t\t\t\t\t\t\t<sr7-txt id=\"SR7_1_1-1-1\" class=\"sr7-layer\">Albert Einstein<\/sr7-txt>\n\t\t\t\t\t\t\t<a id=\"SR7_1_1-1-2\" class=\"sr7-layer\" href=\"\/hu\/szolgaltatasok\/\" target=\"_self\">Szolg\u00e1ltat\u00e1saink<\/a>\n\t\t\t\t\t\t<\/sr7-slide>\n\t\t\t\t\t\t<sr7-slide id=\"SR7_1_1-8\" data-key=\"8\">\n\t\t\t\t\t\t\t<sr7-bg id=\"SR7_1_1-8-4\" class=\"sr7-layer\"><noscript><img decoding=\"async\" src=\"https:\/\/psiholog-satu-mare.com\/hu\/wp-content\/uploads\/2025\/02\/beautiful-woman-sits-on-a-meadow-next-to-lake-in-a-2024-09-26-10-15-39-utc-scaled.jpg\" alt=\"\" title=\"Beautiful woman sits on a meadow next to lake in autumn time\"><\/noscript><\/sr7-bg>\n\t\t\t\t\t\t\t<h2 id=\"SR7_1_1-8-0\" class=\"sr7-layer\">\"A trauma az emberi \u00e9let r\u00e9sze, de nem kell, hogy meghat\u00e1rozza az \u00e9let\u00fcnket.\"<\/h2>\n\t\t\t\t\t\t\t<sr7-txt id=\"SR7_1_1-8-1\" class=\"sr7-layer\">Peter Levine<\/sr7-txt>\n\t\t\t\t\t\t\t<a id=\"SR7_1_1-8-2\" class=\"sr7-layer\" href=\"\/hu\/szolgaltatasok\/\" target=\"_self\">Szolg\u00e1ltat\u00e1saink<\/a>\n\t\t\t\t\t\t<\/sr7-slide>\n\t\t\t\t\t\t<sr7-slide id=\"SR7_1_1-9\" data-key=\"9\">\n\t\t\t\t\t\t\t<sr7-bg id=\"SR7_1_1-9-4\" class=\"sr7-layer\"><noscript><img decoding=\"async\" src=\"https:\/\/psiholog-satu-mare.com\/hu\/wp-content\/uploads\/2025\/10\/image-1-scaled.webp\" alt=\"\" title=\"image (1)\"><\/noscript><\/sr7-bg>\n\t\t\t\t\t\t\t<h2 id=\"SR7_1_1-9-0\" class=\"sr7-layer\">\"A bels\u0151 er\u0151forr\u00e1sok felkutat\u00e1sa \u00e9s er\u0151s\u00edt\u00e9se alapvet\u0151 l\u00e9p\u00e9s az \u00e9rzelmi gy\u00f3gyul\u00e1sban.\"<\/h2>\n\t\t\t\t\t\t\t<sr7-txt id=\"SR7_1_1-9-1\" class=\"sr7-layer\">Laurel Parnell <\/sr7-txt>\n\t\t\t\t\t\t\t<a id=\"SR7_1_1-9-2\" class=\"sr7-layer\" href=\"\/hu\/szolgaltatasok\/\" target=\"_self\">Szolg\u00e1ltat\u00e1saink<\/a>\n\t\t\t\t\t\t<\/sr7-slide>\n\t\t\t\t\t\t<sr7-slide id=\"SR7_1_1-10\" data-key=\"10\">\n\t\t\t\t\t\t\t<sr7-bg id=\"SR7_1_1-10-4\" class=\"sr7-layer\"><noscript><img decoding=\"async\" src=\"https:\/\/psiholog-satu-mare.com\/hu\/wp-content\/uploads\/2025\/10\/image-2-scaled.webp\" alt=\"\" title=\"image (2)\"><\/noscript><\/sr7-bg>\n\t\t\t\t\t\t\t<h2 id=\"SR7_1_1-10-0\" class=\"sr7-layer\">\u201eA sebezhet\u0151s\u00e9g nem gyenges\u00e9g, hanem az a hely, ahol a b\u00e1tors\u00e1g sz\u00fcletik.\u201d<\/h2>\n\t\t\t\t\t\t\t<sr7-txt id=\"SR7_1_1-10-1\" class=\"sr7-layer\">Bren\u00e9 Brown<\/sr7-txt>\n\t\t\t\t\t\t\t<a id=\"SR7_1_1-10-2\" class=\"sr7-layer\" href=\"\/hu\/szolgaltatasok\/\" target=\"_self\">Szolg\u00e1ltat\u00e1saink<\/a>\n\t\t\t\t\t\t<\/sr7-slide>\n\t\t\t\t\t\t<sr7-slide id=\"SR7_1_1-2\" data-key=\"2\">\n\t\t\t\t\t\t<\/sr7-slide>\n\t\t\t\t\t<\/sr7-content>\n\t\t\t\t\t<image_lists style=\"display:none\">\n\t\t\t\t\t\t<img data-src=\"\/\/psiholog-satu-mare.com\/hu\/wp-content\/uploads\/2024\/09\/Mind-Labyrinth-1-1.jpg\" data-libid=\"41\" data-lib=\"medialibrary\" title=\"Mind Labyrinth (1)\" width=\"0\" height=\"0\" data-dbsrc=\"Ly9wc2lob2xvZy1zYXR1LW1hcmUuY29tL2h1L3dwLWNvbnRlbnQvdXBsb2Fkcy8yMDI0LzA5L01pbmQtTGFieXJpbnRoLTEtMS5qcGc=\"\/>\n\t\t\t\t\t\t<img data-src=\"\/\/psiholog-satu-mare.com\/hu\/wp-content\/uploads\/2025\/02\/beautiful-woman-sits-on-a-meadow-next-to-lake-in-a-2024-09-26-10-15-39-utc-scaled.jpg\" data-libid=\"323\" data-lib=\"medialibrary\" title=\"Beautiful woman sits on a meadow next to lake in autumn time\" width=\"0\" height=\"0\" data-dbsrc=\"Ly9wc2lob2xvZy1zYXR1LW1hcmUuY29tL2h1L3dwLWNvbnRlbnQvdXBsb2Fkcy8yMDI1LzAyL2JlYXV0aWZ1bC13b21hbi1zaXRzLW9uLWEtbWVhZG93LW5leHQtdG8tbGFrZS1pbi1hLTIwMjQtMDktMjYtMTAtMTUtMzktdXRjLXNjYWxlZC5qcGc=\"\/>\n\t\t\t\t\t\t<img data-src=\"\/\/psiholog-satu-mare.com\/hu\/wp-content\/uploads\/2025\/10\/image-1-scaled.webp\" data-libid=\"346\" data-lib=\"medialibrary\" title=\"image (1)\" width=\"0\" height=\"0\" data-dbsrc=\"Ly9wc2lob2xvZy1zYXR1LW1hcmUuY29tL2h1L3dwLWNvbnRlbnQvdXBsb2Fkcy8yMDI1LzEwL2ltYWdlLTEtc2NhbGVkLndlYnA=\"\/>\n\t\t\t\t\t\t<img data-src=\"\/\/psiholog-satu-mare.com\/hu\/wp-content\/uploads\/2025\/10\/image-2-scaled.webp\" data-libid=\"347\" data-lib=\"medialibrary\" title=\"image (2)\" width=\"0\" height=\"0\" data-dbsrc=\"Ly9wc2lob2xvZy1zYXR1LW1hcmUuY29tL2h1L3dwLWNvbnRlbnQvdXBsb2Fkcy8yMDI1LzEwL2ltYWdlLTItc2NhbGVkLndlYnA=\"\/>\n\t\t\t\t\t<\/image_lists>\n\t\t\t\t<\/sr7-module>\n\t\t\t\t<script>\n\t\t\t\t\tSR7.PMH ??={}; SR7.PMH[\"SR7_1_1\"] = {cn:0,state:false,fn: function() { if (_tpt!==undefined && _tpt.prepareModuleHeight !== undefined) {  _tpt.prepareModuleHeight({id:\"SR7_1_1\",el:[636,636,768,960,720],type:'standard',shdw:'0',gh:[636,636,525,399,246],gw:[1240,1240,1024,778,480],vpt:['100px'],size:{fullWidth:true, fullHeight:false},mh:'0',onh:0,onw:0,bg:{color:'{\"orig\":\"transparent\",\"type\":\"solid\",\"string\":\"transparent\"}'}});   SR7.PMH[\"SR7_1_1\"].state=true;} else if((SR7.PMH[\"SR7_1_1\"].cn++)<100)\tsetTimeout( SR7.PMH[\"SR7_1_1\"].fn,19);}};SR7.PMH[\"SR7_1_1\" ].fn();\n\t\t\t\t<\/script>\n<\/div><\/div><\/div><\/div><\/div><\/section><section class=\"l-section wpb_row row1 height_medium\"><div class=\"l-section-h i-cf\"><div class=\"g-cols vc_row via_flex valign_top type_default stacking_default\"><div class=\"vc_col-sm-6 wpb_column vc_column_container txt\"><div class=\"vc_column-inner\"><div class=\"wpb_wrapper\"><div class=\"wpb_text_column btn1\"><div class=\"wpb_wrapper\"><h2>Fejlessze \u00d6nmag\u00e1t \u00e9s Ment\u00e1lis Eg\u00e9szs\u00e9g\u00e9t!<\/h2>\n<p>A megr\u00e1z\u00f3, felkavar\u00f3 esem\u00e9nyeket nem mindig tudjuk megfelel\u0151en feldolgozni, \u00edgy azok lelki zavarokhoz vezethetnek. Terapeutak\u00e9nt\u00a0 hat\u00e9konyan seg\u00edtek a traumatikus \u00e9lm\u00e9nyek k\u00f6vetkezt\u00e9ben kialakult maradand\u00f3 probl\u00e9m\u00e1k kezel\u00e9s\u00e9ben.<\/p>\n<p><a href=\"https:\/\/psiholog-satu-mare.com\/hu\/miben-segithetek\/\">B\u0151vebben<\/a><\/p>\n<\/div><\/div><\/div><\/div><\/div><div class=\"vc_col-sm-6 wpb_column vc_column_container img has_bg_color\"><div class=\"vc_column-inner us_custom_7ebac758\"><div class=\"wpb_wrapper\"><\/div><\/div><\/div><div class=\"vc_col-sm-12 wpb_column vc_column_container\"><div class=\"vc_column-inner\"><div class=\"wpb_wrapper\"><div class=\"g-cols wpb_row via_flex valign_middle type_default stacking_default\"><div class=\"vc_col-sm-6 wpb_column vc_column_container\"><div class=\"vc_column-inner\"><div class=\"wpb_wrapper\"><div class=\"wpb_text_column\"><div class=\"wpb_wrapper\"><p><img loading=\"lazy\" decoding=\"async\" class=\"alignnone wp-image-309\" src=\"https:\/\/psiholog-satu-mare.com\/hu\/wp-content\/uploads\/2025\/02\/BAR_2632-300x200.jpg\" alt=\"\" width=\"560\" height=\"373\" srcset=\"https:\/\/psiholog-satu-mare.com\/hu\/wp-content\/uploads\/2025\/02\/BAR_2632-300x200.jpg 300w, https:\/\/psiholog-satu-mare.com\/hu\/wp-content\/uploads\/2025\/02\/BAR_2632-1024x683.jpg 1024w, https:\/\/psiholog-satu-mare.com\/hu\/wp-content\/uploads\/2025\/02\/BAR_2632-scaled.jpg 1400w\" sizes=\"auto, (max-width: 560px) 100vw, 560px\" \/><\/p>\n<\/div><\/div><\/div><\/div><\/div><div class=\"vc_col-sm-6 wpb_column vc_column_container inner_txt\"><div class=\"vc_column-inner\"><div class=\"wpb_wrapper\"><div class=\"wpb_text_column btn1\"><div class=\"wpb_wrapper\"><h2>BARBARA BE\u00c1TA\u2028KLINIKAI SZAKPSZICHOL\u00d3GUS\u2028INTEGRATIV PSZICHOTERAPEUTA<\/h2>\n<p>Integrat\u00edv pszichoterapeutak\u00e9nt hossz\u00fa \u00e9vek szakmai k\u00e9pz\u00e9s\u00e9n \u00e9s sz\u00e1mtalan konferenci\u00e1n, t\u00e1borban vettem r\u00e9szt, hogy folyamatosan b\u0151v\u00edtsem szaktud\u00e1somat. Az \u00e9vek sor\u00e1n elsaj\u00e1t\u00edtott m\u00f3dszereimet szem\u00e9lyre szabom, hogy hat\u00e9konyan seg\u00edthessek mindazoknak, akik hozz\u00e1m fordulnak. B\u00edzom benne, hogy egy\u00fctt megtal\u00e1ljuk a legjobb megold\u00e1sokat az \u00d6n sz\u00e1m\u00e1ra is<\/p>\n<p><a href=\"barbara-beata-klinikai-szakpszichologus-integrativ-pszichoterapeuta\">B\u0151vebben<\/a><\/p>\n<\/div><\/div><\/div><\/div><\/div><\/div><\/div><\/div><\/div><\/div><\/div><\/section><section class=\"l-section wpb_row row2 pad3 height_medium\"><div class=\"l-section-h i-cf\"><div class=\"g-cols vc_row via_flex valign_top type_default stacking_default\"><div class=\"vc_col-sm-12 wpb_column vc_column_container\"><div class=\"vc_column-inner\"><div class=\"wpb_wrapper\"><div class=\"wpb_text_column t1 mrgbot42\"><div class=\"wpb_wrapper\"><h2>Szolg\u00e1ltat\u00e1saink<\/h2>\n<p>Ahhoz, hogy a ter\u00e1pia a lehet\u0151 leghat\u00e9konyabb legyen, fontos hogy a megfelel\u0151 kezel\u00e9st tal\u00e1ljuk meg az \u00d6n sz\u00e1m\u00e1ra<\/p>\n<\/div><\/div><div class=\"g-cols wpb_row mrgbot42 whitetxt via_flex valign_top type_default stacking_default\"><div class=\"vc_col-sm-6 wpb_column vc_column_container\"><div class=\"vc_column-inner\"><div class=\"wpb_wrapper\"><div class=\"wpb_text_column img\"><div class=\"wpb_wrapper\"><p><img loading=\"lazy\" decoding=\"async\" class=\"alignnone wp-image-329 size-full\" src=\"https:\/\/psiholog-satu-mare.com\/hu\/wp-content\/uploads\/2025\/02\/hands.jpg\" alt=\"\" width=\"184\" height=\"230\" \/><\/p>\n<\/div><\/div><div class=\"wpb_text_column txt\"><div class=\"wpb_wrapper\"><h3>Egy\u00e9ni ter\u00e1pia<\/h3>\n<p>Mindenkinek van az \u00e9let\u00e9ben olyan id\u0151szak, amikor nem tudja hogyan tov\u00e1bb, amikor nehezen, vagy nem tal\u00e1ljuk a kiutat az adott \u00e9lethelyzetb\u0151l.<\/p>\n<p><a href=\"https:\/\/psiholog-satu-mare.com\/hu\/szolgaltatasok\/egyeni-terapia\/\">B\u0151vebben <i class=\"fa fa-arrow-right arrow-right\"><\/i><\/a><\/p>\n<\/div><\/div><\/div><\/div><\/div><div class=\"vc_col-sm-6 wpb_column vc_column_container\"><div class=\"vc_column-inner\"><div class=\"wpb_wrapper\"><div class=\"wpb_text_column img\"><div class=\"wpb_wrapper\"><p><img loading=\"lazy\" decoding=\"async\" class=\"alignnone wp-image-324 size-full\" src=\"https:\/\/psiholog-satu-mare.com\/hu\/wp-content\/uploads\/2025\/02\/kez.jpg\" alt=\"\" width=\"184\" height=\"230\" \/><\/p>\n<\/div><\/div><div class=\"wpb_text_column txt\"><div class=\"wpb_wrapper\"><h3>Neurofeedback ter\u00e1pia<\/h3>\n<p>Egy modern, tudom\u00e1nyos alap\u00fa m\u00f3dszer, amely seg\u00edt az agyi m\u0171k\u00f6d\u00e9s szab\u00e1lyoz\u00e1s\u00e1ban, ez\u00e1ltal jav\u00edtva a ment\u00e1lis \u00e9s \u00e9rzelmi j\u00f3l\u00e9tet.<\/p>\n<p><a href=\"https:\/\/psiholog-satu-mare.com\/hu\/szolgaltatasok\/neurofeedback-terapia\">B\u0151vebben <i class=\"fa fa-arrow-right arrow-right\"><\/i><\/a><\/p>\n<\/div><\/div><\/div><\/div><\/div><div class=\"vc_col-sm-6 wpb_column vc_column_container\"><div class=\"vc_column-inner\"><div class=\"wpb_wrapper\"><div class=\"wpb_text_column img\"><div class=\"wpb_wrapper\"><p><img loading=\"lazy\" decoding=\"async\" class=\"alignnone wp-image-327 size-full\" src=\"https:\/\/psiholog-satu-mare.com\/hu\/wp-content\/uploads\/2025\/02\/fullhalgato.jpg\" alt=\"\" width=\"184\" height=\"230\" \/><\/p>\n<\/div><\/div><div class=\"wpb_text_column txt\"><div class=\"wpb_wrapper\"><h3>EMDR ter\u00e1pia (traumafeldolgoz\u00e1s)<\/h3>\n<p>Egy hat\u00e9kony pszichoter\u00e1pi\u00e1s m\u00f3dszer, amelyet els\u0151sorban traum\u00e1k feldolgoz\u00e1s\u00e1ra \u00e9s a hozz\u00e1juk kapcsol\u00f3d\u00f3 \u00e9rzelmi zavarok kezel\u00e9s\u00e9re haszn\u00e1lnak.<\/p>\n<p><a href=\"https:\/\/psiholog-satu-mare.com\/hu\/szolgaltatasok\/emdr-terapia\/\">B\u0151vebben <i class=\"fa fa-arrow-right arrow-right\"><\/i><\/a><\/p>\n<\/div><\/div><\/div><\/div><\/div><div class=\"vc_col-sm-6 wpb_column vc_column_container\"><div class=\"vc_column-inner\"><div class=\"wpb_wrapper\"><div class=\"wpb_text_column img\"><div class=\"wpb_wrapper\"><p><img loading=\"lazy\" decoding=\"async\" class=\"alignnone size-full wp-image-54\" src=\"https:\/\/psiholog-satu-mare.com\/hu\/wp-content\/uploads\/2024\/09\/people-in-casual-clothes-sitting-on-chairs-during-2023-11-27-04-57-07-utc-1.jpg\" alt=\"\" width=\"184\" height=\"230\" \/><\/p>\n<\/div><\/div><div class=\"wpb_text_column txt\"><div class=\"wpb_wrapper\"><h3>Csoportter\u00e1pia<\/h3>\n<p><span>A csoportter\u00e1pia seg\u00edt a mindennapi \u00e9letben felmer\u00fcl\u0151 probl\u00e9m\u00e1kkal val\u00f3 megk\u00fczd\u00e9sben.<\/span><\/p>\n<p><a href=\"https:\/\/psiholog-satu-mare.com\/hu\/szolgaltatasok\/csoportterapia\">B\u0151vebben <i class=\"fa fa-arrow-right arrow-right\"><\/i><\/a><\/p>\n<\/div><\/div><\/div><\/div><\/div><div class=\"vc_col-sm-6 wpb_column vc_column_container\"><div class=\"vc_column-inner\"><div class=\"wpb_wrapper\"><div class=\"wpb_text_column img\"><div class=\"wpb_wrapper\"><p><img loading=\"lazy\" decoding=\"async\" class=\"alignnone size-full wp-image-55\" src=\"https:\/\/psiholog-satu-mare.com\/hu\/wp-content\/uploads\/2024\/09\/couple-strolling-on-grassy-field-2024-06-04-19-55-52-utc-1.jpg\" alt=\"\" width=\"184\" height=\"230\" \/><\/p>\n<\/div><\/div><div class=\"wpb_text_column txt\"><div class=\"wpb_wrapper\"><h3>P\u00e1rter\u00e1pia<\/h3>\n<p>Sokszor a m\u00e1sikra haragszunk, mert nem olyan, vagy nem v\u00e1lt olyann\u00e1, amilyennek elk\u00e9pzelt\u00fck.<\/p>\n<p><a href=\"https:\/\/psiholog-satu-mare.com\/hu\/szolgaltatasok\/parterapia-parkapcsolati-problemak\">B\u0151vebben <i class=\"fa fa-arrow-right arrow-right\"><\/i><\/a><\/p>\n<\/div><\/div><\/div><\/div><\/div><div class=\"vc_col-sm-6 wpb_column vc_column_container\"><div class=\"vc_column-inner\"><div class=\"wpb_wrapper\"><div class=\"wpb_text_column img\"><div class=\"wpb_wrapper\"><p><img loading=\"lazy\" decoding=\"async\" class=\"alignnone size-full wp-image-56\" src=\"https:\/\/psiholog-satu-mare.com\/hu\/wp-content\/uploads\/2024\/09\/young-caucasian-students-with-cups-of-coffee-2023-11-27-05-32-37-utc-1.jpg\" alt=\"\" width=\"184\" height=\"230\" \/><\/p>\n<\/div><\/div><div class=\"wpb_text_column txt\"><div class=\"wpb_wrapper\"><h3>Serd\u00fcl\u0151k dinamikus ter\u00e1pi\u00e1ja<\/h3>\n<p><span>Sz\u00fcl\u0151k\u00e9nt \u00e9s szakemberk\u00e9nt is \u00e1ll\u00edtom, hogy a legnehezebb dolog amit \u00e9let\u00fcnkben v\u00e1llalunk az a gyereknevel\u00e9s.<\/span><\/p>\n<p><a href=\"https:\/\/psiholog-satu-mare.com\/hu\/szolgaltatasok\/serdulok-dinamikus-terapiaja\">B\u0151vebben <i class=\"fa fa-arrow-right arrow-right\"><\/i><\/a><\/p>\n<\/div><\/div><\/div><\/div><\/div><\/div><div class=\"wpb_text_column btn1\"><div class=\"wpb_wrapper\"><p style=\"text-align: center;\"><a href=\"\/hu\/szolgaltatasok\/\">B\u0151vebben<\/a><\/p>\n<\/div><\/div><\/div><\/div><\/div><\/div><\/div><\/section><section class=\"l-section wpb_row row3 pad3f height_medium\"><div class=\"l-section-h i-cf\"><div class=\"g-cols vc_row via_flex valign_top type_default stacking_default\"><div class=\"vc_col-sm-12 wpb_column vc_column_container\"><div class=\"vc_column-inner\"><div class=\"wpb_wrapper\"><div class=\"wpb_text_column\"><div class=\"wpb_wrapper\"><h2>\u00c1rak<\/h2>\n<p>A ter\u00e1pia keretei:- milyen gyakoris\u00e1ggal tal\u00e1lkozunk, h\u00e1ny tal\u00e1lkoz\u00e1sra<br \/>\nlesz sz\u00fcks\u00e9g, ez mindig szem\u00e9lyreszabott. Az \u00fcl\u00e9sek id\u0151tartama\u00a0 egy\u00e9ni ter\u00e1pi\u00e1ban 50 perc, a p\u00e1rter\u00e1pia 70 perc, a csoportter\u00e1pia 90- 100 perc.<\/p>\n<\/div><\/div><div class=\"w-content-carousel items_3 valign_stretch\"><div class=\"owl-carousel dotstyle_circle navstyle_circle navpos_outside owl-responsive-2000 with_arrows\" style=\"--items-gap:30px;--arrows-size:1.5rem;--arrows-offset:10px;\" onclick=\"return {&quot;aria_labels&quot;:{&quot;prev&quot;:&quot;Previous&quot;,&quot;next&quot;:&quot;Next&quot;},&quot;autoplayContinual&quot;:false,&quot;autoplayHoverPause&quot;:false,&quot;autoplayTimeout&quot;:3000,&quot;margin&quot;:30,&quot;mouseDrag&quot;:true,&quot;responsiveRefreshRate&quot;:100,&quot;slideBy&quot;:&quot;1&quot;,&quot;smartSpeed&quot;:250,&quot;touchDrag&quot;:true,&quot;responsive&quot;:{&quot;0&quot;:{&quot;autoHeight&quot;:false,&quot;autoplay&quot;:false,&quot;autoWidth&quot;:false,&quot;center&quot;:false,&quot;dots&quot;:false,&quot;items&quot;:1,&quot;loop&quot;:false,&quot;nav&quot;:true,&quot;stagePadding&quot;:0},&quot;767&quot;:{&quot;autoHeight&quot;:false,&quot;autoplay&quot;:false,&quot;autoWidth&quot;:false,&quot;center&quot;:false,&quot;dots&quot;:false,&quot;items&quot;:2,&quot;loop&quot;:false,&quot;nav&quot;:true,&quot;stagePadding&quot;:0},&quot;1023&quot;:{&quot;autoHeight&quot;:false,&quot;autoplay&quot;:false,&quot;autoWidth&quot;:false,&quot;center&quot;:false,&quot;dots&quot;:false,&quot;items&quot;:3,&quot;loop&quot;:true,&quot;nav&quot;:true,&quot;stagePadding&quot;:0}}}\"><div class=\"wpb_text_column\"><div class=\"wpb_wrapper\"><p><strong>Egy\u00e9ni ter\u00e1pia<\/strong><\/p>\n<p>250 RON<\/p>\n<\/div><\/div><div class=\"wpb_text_column\"><div class=\"wpb_wrapper\"><p><strong>EMDR ter\u00e1pia (traumafeldolgoz\u00e1s)<\/strong><\/p>\n<p>450 RON\/ \u00fcl\u00e9s<\/p>\n<\/div><\/div><div class=\"wpb_text_column\"><div class=\"wpb_wrapper\"><p><strong>P\u00e1rter\u00e1pia<\/strong><\/p>\n<p>350 RON<\/p>\n<\/div><\/div><div class=\"wpb_text_column\"><div class=\"wpb_wrapper\"><p><strong>Neurofeedback ter\u00e1pia<\/strong><\/p>\n<p>200 RON<\/p>\n<\/div><\/div><div class=\"wpb_text_column\"><div class=\"wpb_wrapper\"><p><strong>Csoport ter\u00e1pia<\/strong><\/p>\n<p>200 RON<\/p>\n<\/div><\/div><div class=\"wpb_text_column\"><div class=\"wpb_wrapper\"><p class=\"cufon\"><span>Serd\u00fcl\u0151k dinamikus ter\u00e1pi\u00e1ja<\/span><\/p>\n<p>250 RON<\/p>\n<\/div><\/div><\/div><\/div><div class=\"wpb_text_column btn1\"><div class=\"wpb_wrapper\"><p style=\"text-align: center;\"><a href=\"\/hu\/szolgaltatasok\/\">B\u0151vebben<\/a><\/p>\n<\/div><\/div><\/div><\/div><\/div><\/div><\/div><\/section><section class=\"l-section wpb_row row4 pad3 height_medium\"><div class=\"l-section-h i-cf\"><div class=\"g-cols vc_row via_flex valign_top type_default stacking_default\"><div class=\"vc_col-sm-12 wpb_column vc_column_container\"><div class=\"vc_column-inner\"><div class=\"wpb_wrapper\"><div class=\"wpb_text_column mrgbot42\"><div class=\"wpb_wrapper\"><h2>Tov\u00e1bbi k\u00e9rd\u00e9sek<\/h2>\n<\/div><\/div><div class=\"w-tabs style_default switch_click accordion type_togglable has_scrolling\" style=\"--sections-title-size:inherit\"><div class=\"w-tabs-sections titles-align_none icon_chevron cpos_right\"><div class=\"w-tabs-section\" id=\"d298\"><button class=\"w-tabs-section-header\" aria-controls=\"content-d298\" aria-expanded=\"false\"><div class=\"w-tabs-section-title\">Speci\u00e1lis ter\u00e1pi\u00e1t k\u00edn\u00e1l bizonyos probl\u00e9m\u00e1kra?<\/div><div class=\"w-tabs-section-control\"><\/div><\/button><div  class=\"w-tabs-section-content\" id=\"content-d298\"><div class=\"w-tabs-section-content-h i-cf\"><div class=\"wpb_text_column\"><div class=\"wpb_wrapper\"><p>Igen, speci\u00e1lis ter\u00e1pi\u00e1t k\u00edn\u00e1l k\u00fcl\u00f6nf\u00e9le ment\u00e1lis \u00e9s \u00e9rzelmi probl\u00e9m\u00e1k, mint p\u00e9ld\u00e1ul a szorong\u00e1s, depresszi\u00f3, stresszkezel\u00e9s \u00e9s trauma feldolgoz\u00e1sa \u00e9rdek\u00e9ben.<\/p>\n<\/div><\/div><\/div><\/div><\/div><div class=\"w-tabs-section\" id=\"n33d\"><button class=\"w-tabs-section-header\" aria-controls=\"content-n33d\" aria-expanded=\"false\"><div class=\"w-tabs-section-title\">Mi az amiben tud nekem seg\u00edteni?<\/div><div class=\"w-tabs-section-control\"><\/div><\/button><div  class=\"w-tabs-section-content\" id=\"content-n33d\"><div class=\"w-tabs-section-content-h i-cf\"><div class=\"wpb_text_column\"><div class=\"wpb_wrapper\"><p>Seg\u00edthet a ment\u00e1lis \u00e9s \u00e9rzelmi j\u00f3l\u00e9ted jav\u00edt\u00e1s\u00e1ban, t\u00e1mogat\u00e1st ny\u00fajthat a stresszkezel\u00e9sben, a szorong\u00e1s \u00e9s depresszi\u00f3 lek\u00fczd\u00e9s\u00e9ben, a traum\u00e1k feldolgoz\u00e1s\u00e1ban, valamint az \u00f6nismeret \u00e9s kapcsolatok jav\u00edt\u00e1s\u00e1ban.<\/p>\n<\/div><\/div><\/div><\/div><\/div><div class=\"w-tabs-section\" id=\"t3e7\"><button class=\"w-tabs-section-header\" aria-controls=\"content-t3e7\" aria-expanded=\"false\"><div class=\"w-tabs-section-title\">Hogyan zajlik egy besz\u00e9lget\u00e9s a pszichol\u00f3gussal?<\/div><div class=\"w-tabs-section-control\"><\/div><\/button><div  class=\"w-tabs-section-content\" id=\"content-t3e7\"><div class=\"w-tabs-section-content-h i-cf\"><div class=\"wpb_text_column\"><div class=\"wpb_wrapper\"><p>Egy pszichol\u00f3gussal val\u00f3 besz\u00e9lget\u00e9s sor\u00e1n a szakember biztons\u00e1gos \u00e9s t\u00e1mogat\u00f3 k\u00f6rnyezetet teremt, ahol szabadon megoszthatod gondolataidat \u00e9s \u00e9rz\u00e9seidet, mik\u00f6zben \u0151 seg\u00edt felt\u00e1rni a probl\u00e9m\u00e1id gy\u00f6kereit \u00e9s olyan megold\u00e1si strat\u00e9gi\u00e1kat k\u00edn\u00e1l, amelyek seg\u00edtenek a ment\u00e1lis j\u00f3l\u00e9ted jav\u00edt\u00e1s\u00e1ban.<\/p>\n<\/div><\/div><\/div><\/div><\/div><\/div><\/div><\/div><\/div><\/div><\/div><\/div><\/section>\n","protected":false},"excerpt":{"rendered":"\"A boldogs\u00e1g nem egy k\u00e9sz dolog. Az \u00f6nmagunkban rejl\u0151 boldogs\u00e1g az, amit magunknak kell megtal\u00e1lni.\" Albert Einstein Szolg\u00e1ltat\u00e1saink \"A trauma az emberi \u00e9let r\u00e9sze, de nem kell, hogy meghat\u00e1rozza az \u00e9let\u00fcnket.\" Peter Levine Szolg\u00e1ltat\u00e1saink \"A bels\u0151 er\u0151forr\u00e1sok felkutat\u00e1sa \u00e9s er\u0151s\u00edt\u00e9se alapvet\u0151 l\u00e9p\u00e9s az \u00e9rzelmi gy\u00f3gyul\u00e1sban.\" Laurel Parnell Szolg\u00e1ltat\u00e1saink \u201eA sebezhet\u0151s\u00e9g nem gyenges\u00e9g, hanem az a...","protected":false},"author":2,"featured_media":0,"parent":0,"menu_order":0,"comment_status":"closed","ping_status":"closed","template":"","meta":{"footnotes":""},"class_list":["post-10","page","type-page","status-publish","hentry"],"_links":{"self":[{"href":"https:\/\/psiholog-satu-mare.com\/hu\/wp-json\/wp\/v2\/pages\/10","targetHints":{"allow":["GET"]}}],"collection":[{"href":"https:\/\/psiholog-satu-mare.com\/hu\/wp-json\/wp\/v2\/pages"}],"about":[{"href":"https:\/\/psiholog-satu-mare.com\/hu\/wp-json\/wp\/v2\/types\/page"}],"author":[{"embeddable":true,"href":"https:\/\/psiholog-satu-mare.com\/hu\/wp-json\/wp\/v2\/users\/2"}],"replies":[{"embeddable":true,"href":"https:\/\/psiholog-satu-mare.com\/hu\/wp-json\/wp\/v2\/comments?post=10"}],"version-history":[{"count":55,"href":"https:\/\/psiholog-satu-mare.com\/hu\/wp-json\/wp\/v2\/pages\/10\/revisions"}],"predecessor-version":[{"id":409,"href":"https:\/\/psiholog-satu-mare.com\/hu\/wp-json\/wp\/v2\/pages\/10\/revisions\/409"}],"wp:attachment":[{"href":"https:\/\/psiholog-satu-mare.com\/hu\/wp-json\/wp\/v2\/media?parent=10"}],"curies":[{"name":"wp","href":"https:\/\/api.w.org\/{rel}","templated":true}]}}