{"id":149,"date":"2024-10-21T05:46:49","date_gmt":"2024-10-21T05:46:49","guid":{"rendered":"https:\/\/psiholog-satu-mare.com\/hu\/?page_id=149"},"modified":"2026-01-09T10:32:47","modified_gmt":"2026-01-09T10:32:47","slug":"neurofeedback-terapia","status":"publish","type":"page","link":"https:\/\/psiholog-satu-mare.com\/hu\/neurofeedback-terapia\/","title":{"rendered":"Neurofeedback ter\u00e1pia"},"content":{"rendered":"<section class=\"l-section wpb_row height_medium\"><div class=\"l-section-h i-cf\"><div class=\"g-cols vc_row via_flex valign_top type_default stacking_default\"><div class=\"vc_col-sm-12 wpb_column vc_column_container\"><div class=\"vc_column-inner\"><div class=\"wpb_wrapper\"><div class=\"wpb_text_column\"><div class=\"wpb_wrapper\"><h1>Neurofeedback ter\u00e1pia<\/h1>\n<\/div><\/div><div class=\"wpb_text_column\"><div class=\"wpb_wrapper\"><p class=\"p1\">A neurofeedback ter\u00e1pia egy korszer\u0171, tudom\u00e1nyos alapokon nyugv\u00f3 m\u00f3dszer, amely az agy m\u0171k\u00f6d\u00e9s\u00e9nek optimaliz\u00e1l\u00e1s\u00e1ra szolg\u00e1l. Az agyhull\u00e1mok aktivit\u00e1s\u00e1t m\u00e9ri, \u00e9s val\u00f3s idej\u0171 visszacsatol\u00e1st ny\u00fajt a p\u00e1ciensek sz\u00e1m\u00e1ra, hogy seg\u00edtsen az agym\u0171k\u00f6d\u00e9s szab\u00e1lyoz\u00e1s\u00e1ban. Ez a ter\u00e1pia k\u00fcl\u00f6n\u00f6sen hasznos lehet a ment\u00e1lis eg\u00e9szs\u00e9ggel kapcsolatos kih\u00edv\u00e1sok kezel\u00e9s\u00e9ben, p\u00e9ld\u00e1ul szorong\u00e1s, depresszi\u00f3, alv\u00e1szavarok, ADHD, migr\u00e9n vagy trauma eset\u00e9n.<\/p>\n<p class=\"p1\">A traum\u00e1k hat\u00e1s\u00e1ra az agy m\u0171k\u00f6d\u00e9se megv\u00e1ltozhat: a stressz, a f\u00e9lelem \u00e9s a v\u00e9dekez\u00e9si mechanizmusok miatt az agy egyens\u00falya felborulhat. A neurofeedback ter\u00e1pia c\u00e9lja, hogy seg\u00edtsen helyre\u00e1ll\u00edtani ezt az egyens\u00falyt az agyhull\u00e1mok term\u00e9szetes szab\u00e1lyoz\u00e1s\u00e1nak t\u00e1mogat\u00e1s\u00e1val. Az\u00e1ltal, hogy az agy visszajelz\u00e9st kap saj\u00e1t m\u0171k\u00f6d\u00e9s\u00e9r\u0151l, k\u00e9pes \u00fajra megtanulni az eg\u00e9szs\u00e9gesebb mint\u00e1kat, amelyek seg\u00edthetnek a traum\u00e1s \u00e9lm\u00e9nyek feldolgoz\u00e1s\u00e1ban.<\/p>\n<p class=\"p1\">Vezet\u00e9k n\u00e9lk\u00fcli neurofeedback technol\u00f3gia<\/p>\n<p class=\"p1\">A hagyom\u00e1nyos m\u00f3dszerek mellett a vezet\u00e9k n\u00e9lk\u00fcli neurofeedback egyre nagyobb teret nyer, mivel k\u00e9nyelmes, praktikus \u00e9s hat\u00e9kony megold\u00e1st k\u00edn\u00e1l. A vezet\u00e9k n\u00e9lk\u00fcli eszk\u00f6z\u00f6k\u00a0 front\u00e1lis \u00e9s pariet\u00e1lis szenzorokat\u00a0 haszn\u00e1lak az agyi aktivit\u00e1s m\u00e9r\u00e9s\u00e9re, \u00e9s az adatokat Bluetooth vagy m\u00e1s vezet\u00e9k n\u00e9lk\u00fcli technol\u00f3gia seg\u00edts\u00e9g\u00e9vel tov\u00e1bb\u00edtj\u00e1k egy sz\u00e1m\u00edt\u00f3g\u00e9pre, tabletre vagy okostelefonra.<\/p>\n<p class=\"p1\">Neurofeedback \u00e9s traumafeldolgoz\u00e1s<\/p>\n<p class=\"p1\">Trauma eset\u00e9n az agy gyakran &#8220;lefagy&#8221; egy t\u00falzott k\u00e9szenl\u00e9ti \u00e1llapotba, amely neh\u00e9zs\u00e9geket okozhat a nyugodt \u00e1llapot el\u00e9r\u00e9s\u00e9ben \u00e9s az \u00e9rzelmek kezel\u00e9s\u00e9ben. A neurofeedback ter\u00e1pia azonban lehet\u0151v\u00e9 teszi az agy sz\u00e1m\u00e1ra, hogy felismerje \u00e9s korrig\u00e1lja a diszfunkcion\u00e1lis mint\u00e1zatokat. Ez k\u00fcl\u00f6n\u00f6sen fontos lehet traumafeldolgoz\u00e1s sor\u00e1n, hiszen az agy tanul\u00e1si k\u00e9pess\u00e9g\u00e9re alapozva k\u00e9pes \u00fajra kialak\u00edtani azokat az eg\u00e9szs\u00e9ges idegi p\u00e1ly\u00e1kat, amelyek hozz\u00e1j\u00e1rulnak a stabilit\u00e1shoz \u00e9s a bels\u0151 nyugalomhoz.<\/p>\n<p class=\"p1\">A vezet\u00e9k n\u00e9lk\u00fcli technol\u00f3gia tov\u00e1bbi el\u0151nye, hogy megk\u00f6nny\u00edti a ter\u00e1pi\u00e1s folyamatot, hiszen a p\u00e1ciens a saj\u00e1t temp\u00f3j\u00e1ban, egy ter\u00e1pi\u00e1s szakember ir\u00e1ny\u00edt\u00e1sa mellett,\u00a0 gyakorolhatja az \u00faj mint\u00e1k elsaj\u00e1t\u00edt\u00e1s\u00e1t. A trauma feldolgoz\u00e1sa id\u0151ig\u00e9nyes \u00e9s \u00e9rz\u00e9keny folyamat, de a neurofeedback k\u00edm\u00e9letes \u00e9s nem invaz\u00edv m\u00f3don seg\u00edthet a bels\u0151 egyens\u00faly helyre\u00e1ll\u00edt\u00e1s\u00e1ban.<\/p>\n<p class=\"p2\">Kinek Aj\u00e1nlott a Neurofeedback Ter\u00e1pia?<\/p>\n<p class=\"p2\">A vezet\u00e9k n\u00e9lk\u00fcli neurofeedback ter\u00e1pia egy tudom\u00e1nyosan megalapozott, nem invaz\u00edv m\u00f3dszer, amely seg\u00edt agyunk m\u0171k\u00f6d\u00e9s\u00e9nek optimaliz\u00e1l\u00e1s\u00e1ban. Ez a ter\u00e1pia k\u00fcl\u00f6n\u00f6sen hat\u00e9kony lehet azok sz\u00e1m\u00e1ra, akik az al\u00e1bbi kih\u00edv\u00e1sokkal k\u00fczdenek:<\/p>\n<p class=\"p2\">1. Trauma \u00e9s PTSD (Poszttraum\u00e1s stressz zavar):<br \/>A neurofeedback seg\u00edthet a trauma feldolgoz\u00e1s\u00e1ban, cs\u00f6kkentve a szorong\u00e1s \u00e9s a fesz\u00fclts\u00e9g \u00e9rz\u00e9s\u00e9t, helyre\u00e1ll\u00edtva az idegrendszer egyens\u00faly\u00e1t.<\/p>\n<p class=\"p2\">2. Szorong\u00e1s \u00e9s stresszkezel\u00e9s:<br \/>Hat\u00e9konyan cs\u00f6kkenti a kr\u00f3nikus stressz t\u00fcneteit, jav\u00edtja az \u00e9rzelmi szab\u00e1lyoz\u00e1st, \u00e9s el\u0151seg\u00edti a bels\u0151 nyugalom el\u00e9r\u00e9s\u00e9t.<\/p>\n<p class=\"p2\">3. ADHD (Figyelemhi\u00e1nyos hiperaktivit\u00e1s zavar):<br \/>Seg\u00edt fokozni a koncentr\u00e1ci\u00f3t, cs\u00f6kkenteni az impulzivit\u00e1st \u00e9s jav\u00edtani az \u00f6nszab\u00e1lyoz\u00e1si k\u00e9pess\u00e9geket, ami k\u00fcl\u00f6n\u00f6sen el\u0151ny\u00f6s gyermekek \u00e9s feln\u0151ttek sz\u00e1m\u00e1ra egyar\u00e1nt.<\/p>\n<p class=\"p2\">4. Autizmus spektrum zavar:<br \/>T\u00e1mogatja az \u00e9rzelmi \u00e9s viselked\u00e9si szab\u00e1lyoz\u00e1st, seg\u00edt cs\u00f6kkenteni az ingerl\u00e9kenys\u00e9get \u00e9s jav\u00edtja a szoci\u00e1lis interakci\u00f3kat.<\/p>\n<p class=\"p2\">5. Alv\u00e1szavarok:<br \/>El\u0151seg\u00edti az alv\u00e1s min\u0151s\u00e9g\u00e9nek javul\u00e1s\u00e1t, seg\u00edt az elalv\u00e1si nehez\u00eds\u00e9gek, \u00e9jszakai \u00e9bred\u00e9sek \u00e9s inszomnia kezel\u00e9s\u00e9ben.<\/p>\n<p class=\"p2\">6. Depresszi\u00f3:<br \/>T\u00e1mogatja az agyi m\u0171k\u00f6d\u00e9s kiegyens\u00falyoz\u00e1s\u00e1t, ami hozz\u00e1j\u00e1rulhat a hangulat stabiliz\u00e1l\u00e1s\u00e1hoz \u00e9s az energiaszint n\u00f6vel\u00e9s\u00e9hez.<\/p>\n<p class=\"p2\">7. Migr\u00e9n \u00e9s kr\u00f3nikus fejf\u00e1j\u00e1s:<br \/>Seg\u00edthet a fejf\u00e1j\u00e1s gyakoris\u00e1g\u00e1nak \u00e9s intenzit\u00e1s\u00e1nak cs\u00f6kkent\u00e9s\u00e9ben az idegrendszeri szab\u00e1lyoz\u00e1s jav\u00edt\u00e1s\u00e1val.<\/p>\n<p class=\"p2\">8. Sportol\u00f3k \u00e9s teljes\u00edt\u00e9soptimaliz\u00e1l\u00e1s:<br \/>Fokozza a ment\u00e1lis f\u00f3kuszt, a stresszt\u0171r\u00e9st \u00e9s a teljes\u00edt\u0151k\u00e9pess\u00e9get, seg\u00edtve ezzel a cs\u00facsteljes\u00edtm\u00e9ny el\u00e9r\u00e9s\u00e9t.<\/p>\n<p class=\"p2\">A neurofeedback ter\u00e1pia szem\u00e9lyre szabott, biztons\u00e1gos \u00e9s mell\u00e9khat\u00e1smentes m\u00f3dszer, amely hat\u00e9konyan t\u00e1mogatja az \u00e9rzelmi \u00e9s ment\u00e1lis j\u00f3l\u00e9t jav\u00edt\u00e1s\u00e1t. Ha \u00e9rdekli, hogyan seg\u00edthet \u00d6nnek a neurofeedback, vegye fel vel\u00fcnk a kapcsolatot!<\/p>\n<\/div><\/div><\/div><\/div><\/div><\/div><\/div><\/section><section class=\"l-section wpb_row height_medium\"><div class=\"l-section-h i-cf\"><div class=\"g-cols vc_row via_flex valign_top type_default stacking_default\"><div class=\"vc_col-sm-12 wpb_column vc_column_container\"><div class=\"vc_column-inner\"><div class=\"wpb_wrapper\"><\/div><\/div><\/div><\/div><\/div><\/section><section class=\"l-section wpb_row height_medium\"><div class=\"l-section-h i-cf\"><div class=\"g-cols vc_row via_flex valign_top type_default stacking_default\"><div class=\"vc_col-sm-12 wpb_column vc_column_container\"><div class=\"vc_column-inner\"><div class=\"wpb_wrapper\"><div class=\"w-image align_none\"><div class=\"w-image-h\"><img decoding=\"async\" width=\"800\" height=\"1067\" src=\"https:\/\/psiholog-satu-mare.com\/hu\/wp-content\/uploads\/2026\/01\/Barbara_bea1.jpeg\" class=\"attachment-full size-full\" alt=\"\" loading=\"lazy\" srcset=\"https:\/\/psiholog-satu-mare.com\/hu\/wp-content\/uploads\/2026\/01\/Barbara_bea1.jpeg 800w, https:\/\/psiholog-satu-mare.com\/hu\/wp-content\/uploads\/2026\/01\/Barbara_bea1-225x300.jpeg 225w, https:\/\/psiholog-satu-mare.com\/hu\/wp-content\/uploads\/2026\/01\/Barbara_bea1-768x1024.jpeg 768w\" sizes=\"auto, (max-width: 800px) 100vw, 800px\" \/><\/div><\/div><\/div><\/div><\/div><\/div><\/div><\/section>\n","protected":false},"excerpt":{"rendered":"Neurofeedback ter\u00e1pia A neurofeedback ter\u00e1pia egy korszer\u0171, tudom\u00e1nyos alapokon nyugv\u00f3 m\u00f3dszer, amely az agy m\u0171k\u00f6d\u00e9s\u00e9nek optimaliz\u00e1l\u00e1s\u00e1ra szolg\u00e1l. Az agyhull\u00e1mok aktivit\u00e1s\u00e1t m\u00e9ri, \u00e9s val\u00f3s idej\u0171 visszacsatol\u00e1st ny\u00fajt a p\u00e1ciensek sz\u00e1m\u00e1ra, hogy seg\u00edtsen az agym\u0171k\u00f6d\u00e9s szab\u00e1lyoz\u00e1s\u00e1ban. Ez a ter\u00e1pia k\u00fcl\u00f6n\u00f6sen hasznos lehet a ment\u00e1lis eg\u00e9szs\u00e9ggel kapcsolatos kih\u00edv\u00e1sok kezel\u00e9s\u00e9ben, p\u00e9ld\u00e1ul szorong\u00e1s, depresszi\u00f3, alv\u00e1szavarok, ADHD, migr\u00e9n vagy trauma eset\u00e9n....","protected":false},"author":3,"featured_media":0,"parent":0,"menu_order":0,"comment_status":"closed","ping_status":"closed","template":"","meta":{"footnotes":""},"class_list":["post-149","page","type-page","status-publish","hentry"],"_links":{"self":[{"href":"https:\/\/psiholog-satu-mare.com\/hu\/wp-json\/wp\/v2\/pages\/149","targetHints":{"allow":["GET"]}}],"collection":[{"href":"https:\/\/psiholog-satu-mare.com\/hu\/wp-json\/wp\/v2\/pages"}],"about":[{"href":"https:\/\/psiholog-satu-mare.com\/hu\/wp-json\/wp\/v2\/types\/page"}],"author":[{"embeddable":true,"href":"https:\/\/psiholog-satu-mare.com\/hu\/wp-json\/wp\/v2\/users\/3"}],"replies":[{"embeddable":true,"href":"https:\/\/psiholog-satu-mare.com\/hu\/wp-json\/wp\/v2\/comments?post=149"}],"version-history":[{"count":4,"href":"https:\/\/psiholog-satu-mare.com\/hu\/wp-json\/wp\/v2\/pages\/149\/revisions"}],"predecessor-version":[{"id":361,"href":"https:\/\/psiholog-satu-mare.com\/hu\/wp-json\/wp\/v2\/pages\/149\/revisions\/361"}],"wp:attachment":[{"href":"https:\/\/psiholog-satu-mare.com\/hu\/wp-json\/wp\/v2\/media?parent=149"}],"curies":[{"name":"wp","href":"https:\/\/api.w.org\/{rel}","templated":true}]}}