{"id":163,"date":"2024-10-21T05:55:56","date_gmt":"2024-10-21T05:55:56","guid":{"rendered":"https:\/\/psiholog-satu-mare.com\/hu\/?page_id=163"},"modified":"2025-02-07T10:35:10","modified_gmt":"2025-02-07T10:35:10","slug":"parterapia-parkapcsolati-problemak","status":"publish","type":"page","link":"https:\/\/psiholog-satu-mare.com\/hu\/parterapia-parkapcsolati-problemak\/","title":{"rendered":"P\u00e1rter\u00e1pia, p\u00e1rkapcsolati probl\u00e9m\u00e1k"},"content":{"rendered":"<section class=\"l-section wpb_row height_medium\"><div class=\"l-section-h i-cf\"><div class=\"g-cols vc_row via_flex valign_top type_default stacking_default\"><div class=\"vc_col-sm-12 wpb_column vc_column_container\"><div class=\"vc_column-inner\"><div class=\"wpb_wrapper\"><div class=\"wpb_text_column\"><div class=\"wpb_wrapper\"><h1 class=\"cufon\">P\u00e1rter\u00e1pia, p\u00e1rkapcsolati probl\u00e9m\u00e1k<\/h1>\n<\/div><\/div><\/div><\/div><\/div><\/div><\/div><\/section><section class=\"l-section wpb_row height_medium\"><div class=\"l-section-h i-cf\"><div class=\"g-cols vc_row via_flex valign_top type_default stacking_default\"><div class=\"vc_col-sm-12 wpb_column vc_column_container\"><div class=\"vc_column-inner\"><div class=\"wpb_wrapper\"><div class=\"wpb_text_column\"><div class=\"wpb_wrapper\"><p class=\"p1\">\u201eSokszor a m\u00e1sikra haragszunk, mert nem olyan, vagy nem v\u00e1lt olyann\u00e1, amilyennek elk\u00e9pzelt\u00fck. Pedig \u0151 nem tehet arr\u00f3l, hogy nem vagyunk el\u00e9g j\u00f3 emberismer\u0151k, \u00e9s olyat k\u00e9r\u00fcnk t\u0151le, amit nem tud megadni.\u201d \u2013 Popper P\u00e9ter<\/p>\n<p class=\"p1\">Minden kapcsolatban el\u0151fordulhatnak id\u0151nk\u00e9nt megoldhatatlannak t\u0171n\u0151 probl\u00e9m\u00e1k, \u00fagynevezett m\u00e9lypontok. Azok a p\u00e1rok, akikn\u00e9l j\u00f3l m\u0171k\u00f6dik a kommunik\u00e1ci\u00f3, k\u00e9pesek megbesz\u00e9lni a kapcsolatban felmer\u00fcl\u0151 gondokat. Ez nemcsak hogy seg\u00edt \u00e1tv\u00e9szelni a nehezebb id\u0151szakokat, de hossz\u00fa t\u00e1von \u00f6sszekov\u00e1csolja \u00e9s meger\u0151s\u00edti a kapcsolatot.<\/p>\n<p class=\"p1\">P\u00e1rter\u00e1pi\u00e1ra \u00e9rdemes jelentkezni azoknak a p\u00e1roknak, akik \u00fagy \u00e9rzik, hogy egy konfliktust m\u00e1r nem tudnak egyed\u00fcl megoldani. Ha valamit sz\u00e1zszor \u00e1tbesz\u00e9ltek, de nem jutottak el\u0151r\u00e9bb, vagy ha \u00fagy \u00e9rzik, hogy a kapcsolatuk z\u00e1tonyra futott, a ter\u00e1pia hasznos megold\u00e1st ny\u00fajthat.<\/p>\n<p class=\"p1\">A p\u00e1rkapcsolatot \u00e9rint\u0151 vagy abb\u00f3l kiindul\u00f3 elakad\u00e1sok felold\u00e1s\u00e1hoz ter\u00e1pi\u00e1s szempontb\u00f3l nemcsak a jelenlegi struktur\u00e1lis jellegzetess\u00e9gek felt\u00e1r\u00e1sa sz\u00fcks\u00e9ges, hanem a p\u00e1r tagjait form\u00e1l\u00f3 egy\u00e9ni m\u00falt, valamint mindk\u00e9t f\u00e9l intrapszich\u00e9s saj\u00e1toss\u00e1gainak meg\u00e9rt\u00e9se is fontos szerepet j\u00e1tszik.<\/p>\n<p class=\"p1\">A ter\u00e1pia c\u00e9lja, hogy azonos\u00edtsa azokat az akad\u00e1lyokat \u00e9s probl\u00e9m\u00e1kat, amelyek miatt a kapcsolat nem m\u0171k\u00f6dik megfelel\u0151en. A c\u00e9lok k\u00f6z\u00e9 tartozik a hat\u00e9konyabb kommunik\u00e1ci\u00f3 fejleszt\u00e9se, az \u00e9rzelmi intimit\u00e1s m\u00e9ly\u00edt\u00e9se, valamint az egy\u00fctt\u00e9r\u00e9s \u00e9s emp\u00e1tia er\u0151s\u00edt\u00e9se. Gyakran el\u0151fordul, hogy a p\u00e1r egyik vagy mindk\u00e9t tagj\u00e1nak saj\u00e1t egy\u00e9ni traum\u00e1i, feldolgozatlan m\u00faltbeli s\u00e9r\u00fcl\u00e9sei akad\u00e1lyozz\u00e1k meg a megfelel\u0151 kapcsol\u00f3d\u00e1st. Ez\u00e9rt fontos, hogy a ter\u00e1pia ne csup\u00e1n a kapcsolat dinamik\u00e1j\u00e1ra, hanem az egy\u00e9ni bels\u0151 fesz\u00fclts\u00e9gekre \u00e9s \u00e9rzelmi elakad\u00e1sokra is figyelmet ford\u00edtson.<\/p>\n<p class=\"p1\">A p\u00e1rter\u00e1pia sor\u00e1n a p\u00e1rok lehet\u0151s\u00e9get kapnak arra, hogy jobban meg\u00e9rts\u00e9k saj\u00e1t \u00e9s t\u00e1rsuk \u00e9rzelmi reakci\u00f3it, viselked\u00e9s\u00e9t, valamint felfedezz\u00e9k azokat az egy\u00e9ni \u00e9s k\u00f6z\u00f6s mint\u00e1kat, amelyek befoly\u00e1solj\u00e1k kapcsolatukat. Ez a folyamat seg\u00edtheti a p\u00e1rokat abban, hogy tudatosabban, elfogad\u00f3bban \u00e9s szeretetteljesebben kapcsol\u00f3djanak egym\u00e1shoz.<\/p>\n<\/div><\/div><\/div><\/div><\/div><\/div><\/div><\/section><section class=\"l-section wpb_row height_medium\"><div class=\"l-section-h i-cf\"><div class=\"g-cols vc_row via_flex valign_top type_default stacking_default\"><div class=\"vc_col-sm-12 wpb_column vc_column_container\"><div class=\"vc_column-inner\"><div class=\"wpb_wrapper\"><div class=\"w-image align_center\"><div class=\"w-image-h\"><img decoding=\"async\" width=\"1109\" height=\"1400\" src=\"https:\/\/psiholog-satu-mare.com\/hu\/wp-content\/uploads\/2024\/10\/couple-strolling-on-grassy-field-2024-06-04-19-55-52-utc-scaled.jpg\" class=\"attachment-full size-full\" alt=\"\" loading=\"lazy\" srcset=\"https:\/\/psiholog-satu-mare.com\/hu\/wp-content\/uploads\/2024\/10\/couple-strolling-on-grassy-field-2024-06-04-19-55-52-utc-scaled.jpg 1109w, https:\/\/psiholog-satu-mare.com\/hu\/wp-content\/uploads\/2024\/10\/couple-strolling-on-grassy-field-2024-06-04-19-55-52-utc-238x300.jpg 238w, https:\/\/psiholog-satu-mare.com\/hu\/wp-content\/uploads\/2024\/10\/couple-strolling-on-grassy-field-2024-06-04-19-55-52-utc-811x1024.jpg 811w\" sizes=\"auto, (max-width: 1109px) 100vw, 1109px\" \/><\/div><\/div><\/div><\/div><\/div><\/div><\/div><\/section>\n","protected":false},"excerpt":{"rendered":"P\u00e1rter\u00e1pia, p\u00e1rkapcsolati probl\u00e9m\u00e1k \u201eSokszor a m\u00e1sikra haragszunk, mert nem olyan, vagy nem v\u00e1lt olyann\u00e1, amilyennek elk\u00e9pzelt\u00fck. Pedig \u0151 nem tehet arr\u00f3l, hogy nem vagyunk el\u00e9g j\u00f3 emberismer\u0151k, \u00e9s olyat k\u00e9r\u00fcnk t\u0151le, amit nem tud megadni.\u201d \u2013 Popper P\u00e9ter Minden kapcsolatban el\u0151fordulhatnak id\u0151nk\u00e9nt megoldhatatlannak t\u0171n\u0151 probl\u00e9m\u00e1k, \u00fagynevezett m\u00e9lypontok. Azok a p\u00e1rok, akikn\u00e9l j\u00f3l m\u0171k\u00f6dik a kommunik\u00e1ci\u00f3,...","protected":false},"author":3,"featured_media":0,"parent":0,"menu_order":0,"comment_status":"closed","ping_status":"closed","template":"","meta":{"footnotes":""},"class_list":["post-163","page","type-page","status-publish","hentry"],"_links":{"self":[{"href":"https:\/\/psiholog-satu-mare.com\/hu\/wp-json\/wp\/v2\/pages\/163","targetHints":{"allow":["GET"]}}],"collection":[{"href":"https:\/\/psiholog-satu-mare.com\/hu\/wp-json\/wp\/v2\/pages"}],"about":[{"href":"https:\/\/psiholog-satu-mare.com\/hu\/wp-json\/wp\/v2\/types\/page"}],"author":[{"embeddable":true,"href":"https:\/\/psiholog-satu-mare.com\/hu\/wp-json\/wp\/v2\/users\/3"}],"replies":[{"embeddable":true,"href":"https:\/\/psiholog-satu-mare.com\/hu\/wp-json\/wp\/v2\/comments?post=163"}],"version-history":[{"count":5,"href":"https:\/\/psiholog-satu-mare.com\/hu\/wp-json\/wp\/v2\/pages\/163\/revisions"}],"predecessor-version":[{"id":275,"href":"https:\/\/psiholog-satu-mare.com\/hu\/wp-json\/wp\/v2\/pages\/163\/revisions\/275"}],"wp:attachment":[{"href":"https:\/\/psiholog-satu-mare.com\/hu\/wp-json\/wp\/v2\/media?parent=163"}],"curies":[{"name":"wp","href":"https:\/\/api.w.org\/{rel}","templated":true}]}}