{"id":172,"date":"2024-10-21T06:17:13","date_gmt":"2024-10-21T06:17:13","guid":{"rendered":"https:\/\/psiholog-satu-mare.com\/hu\/?page_id=172"},"modified":"2025-02-07T10:36:43","modified_gmt":"2025-02-07T10:36:43","slug":"serdulok-dinamikus-terapiaja","status":"publish","type":"page","link":"https:\/\/psiholog-satu-mare.com\/hu\/serdulok-dinamikus-terapiaja\/","title":{"rendered":"Gyermek- \u00e9s serd\u00fcl\u0151pszichoter\u00e1pia"},"content":{"rendered":"<section class=\"l-section wpb_row height_medium\"><div class=\"l-section-h i-cf\"><div class=\"g-cols vc_row via_flex valign_top type_default stacking_default\"><div class=\"vc_col-sm-12 wpb_column vc_column_container\"><div class=\"vc_column-inner\"><div class=\"wpb_wrapper\"><div class=\"wpb_text_column\"><div class=\"wpb_wrapper\"><h1 class=\"cufon\">Gyermek- \u00e9s serd\u00fcl\u0151pszichoter\u00e1pia<\/h1>\n<\/div><\/div><div class=\"wpb_text_column\"><div class=\"wpb_wrapper\"><p class=\"p1\">A gyermek- \u00e9s serd\u00fcl\u0151pszichoter\u00e1pia c\u00e9lja, hogy seg\u00edtsen a fiataloknak megbirk\u00f3zni a fejl\u0151d\u00e9s\u00fck sor\u00e1n felmer\u00fcl\u0151 \u00e9rzelmi, ment\u00e1lis \u00e9s t\u00e1rsadalmi kih\u00edv\u00e1sokkal. A serd\u00fcl\u0151kor az agy fejl\u0151d\u00e9s\u00e9nek kulcsfontoss\u00e1g\u00fa szakasza, amelyben a fiatalok identit\u00e1sukat keresik, \u00faj tapasztalatokat szereznek, \u00e9s kock\u00e1ztatnak. Daniel Siegel elm\u00e9lete szerint ebben az id\u0151szakban a fiatalok megtanulj\u00e1k felfedezni \u00f6nmagukat, kialak\u00edtani saj\u00e1t \u00e9let\u00fcket, \u00e9s kezelni a t\u00e1rsadalmi elv\u00e1r\u00e1sokat.<\/p>\n<p class=\"p1\">A kamaszkor k\u00fcl\u00f6n\u00f6sen neh\u00e9z lehet, mivel \u00e9rzelmi sz\u00e9ls\u0151s\u00e9gek, \u00f6nkritika \u00e9s fokozott szorong\u00e1s jellemzik, ami gyakran viselked\u00e9si probl\u00e9m\u00e1khoz \u00e9s szoci\u00e1lis neh\u00e9zs\u00e9gekhez vezethet. Ha egy fiatal a k\u00f6vetkez\u0151 probl\u00e9m\u00e1kkal k\u00fczd, \u00e9rdemes pszichoter\u00e1pi\u00e1s seg\u00edts\u00e9get k\u00e9rni:<\/p>\n<p class=\"p2\">1. \u00c9rzelmi probl\u00e9m\u00e1k:<\/p>\n<ul class=\"ul1\">\n<li class=\"li1\"><span class=\"s1\"><\/span>Er\u0151s szorong\u00e1s, nyugtalans\u00e1g<\/li>\n<li class=\"li1\"><span class=\"s1\"><\/span>Hangulatzavarok, p\u00e9ld\u00e1ul hirtelen hangulatingadoz\u00e1s vagy depresszi\u00f3<\/li>\n<li class=\"li1\"><span class=\"s1\"><\/span>Kamaszkori testk\u00e9pzavar vagy \u00f6n\u00e9rt\u00e9kel\u00e9si probl\u00e9m\u00e1k<\/li>\n<li class=\"li1\"><span class=\"s1\"><\/span>Gy\u00e1szfeldolgoz\u00e1si neh\u00e9zs\u00e9gek (hal\u00e1leset a csal\u00e1dban vagy a gyermek k\u00f6rnyezet\u00e9ben)<\/li>\n<\/ul>\n<p class=\"p2\">2. Viselked\u00e9si probl\u00e9m\u00e1k \u00e9s szoci\u00e1lis neh\u00e9zs\u00e9gek:<\/p>\n<ul class=\"ul1\">\n<li class=\"li1\"><span class=\"s1\"><\/span>Magatart\u00e1szavarok, agresszi\u00f3, heves d\u00fchkit\u00f6r\u00e9sek<\/li>\n<li class=\"li1\"><span class=\"s1\"><\/span>Beilleszked\u00e9si gondok az \u00f3vod\u00e1ban vagy iskol\u00e1ban<\/li>\n<li class=\"li1\"><span class=\"s1\"><\/span>Kik\u00f6z\u00f6s\u00edt\u00e9s vagy b\u00e1ntalmaz\u00e1s elszenved\u00e9se<\/li>\n<li class=\"li1\"><span class=\"s1\"><\/span>Iskolaker\u00fcl\u00e9s, iskolaf\u00f3bia<\/li>\n<\/ul>\n<p class=\"p2\">3. F\u00fcgg\u0151s\u00e9gek \u00e9s \u00f6nszab\u00e1lyoz\u00e1si probl\u00e9m\u00e1k:<\/p>\n<ul class=\"ul1\">\n<li class=\"li1\"><span class=\"s1\"><\/span>Sz\u00e1m\u00edt\u00f3g\u00e9p-, telefon- vagy j\u00e1t\u00e9kf\u00fcgg\u0151s\u00e9g<\/li>\n<li class=\"li1\"><span class=\"s1\"><\/span>Alkohol- vagy drogfogyaszt\u00e1s<\/li>\n<\/ul>\n<p class=\"p2\">4. Lelki eredet\u0171 testi t\u00fcnetek:<\/p>\n<ul class=\"ul1\">\n<li class=\"li1\"><span class=\"s1\"><\/span>Hasf\u00e1j\u00e1s, fejf\u00e1j\u00e1s, sz\u00e9d\u00fcl\u00e9s, amelyek m\u00f6g\u00f6tt nincs kimutathat\u00f3 orvosi ok<\/li>\n<li class=\"li1\"><span class=\"s1\"><\/span>Tikek, ism\u00e9tl\u0151d\u0151 mozdulatok vagy hangok (pl. kacsint\u00e1s, orrh\u00fazogat\u00e1s)<\/li>\n<\/ul>\n<p class=\"p1\">A pszichoter\u00e1pia seg\u00edthet abban, hogy a fiatalok jobban meg\u00e9rts\u00e9k \u00e9rzelmeiket, fejlessz\u00e9k szoci\u00e1lis k\u00e9szs\u00e9geiket, \u00e9s magabiztosan hozz\u00e1k meg a j\u00f6v\u0151beli d\u00f6nt\u00e9seiket. Ha a fenti probl\u00e9m\u00e1k b\u00e1rmelyike jelen van, fontos id\u0151ben seg\u00edts\u00e9get k\u00e9rni, hogy a fiatal megfelel\u0151 t\u00e1mogat\u00e1st kapjon a neh\u00e9zs\u00e9geivel val\u00f3 megk\u00fczd\u00e9shez.<\/p>\n<\/div><\/div><\/div><\/div><\/div><\/div><\/div><\/section><section class=\"l-section wpb_row height_medium\"><div class=\"l-section-h i-cf\"><div class=\"g-cols vc_row via_flex valign_top type_default stacking_default\"><div class=\"vc_col-sm-12 wpb_column vc_column_container\"><div class=\"vc_column-inner\"><div class=\"wpb_wrapper\"><div class=\"w-image align_none\"><div class=\"w-image-h\"><img decoding=\"async\" width=\"1400\" height=\"934\" src=\"https:\/\/psiholog-satu-mare.com\/hu\/wp-content\/uploads\/2024\/10\/young-caucasian-students-with-cups-of-coffee-2023-11-27-05-32-37-utc.jpg\" class=\"attachment-full size-full\" alt=\"\" loading=\"lazy\" srcset=\"https:\/\/psiholog-satu-mare.com\/hu\/wp-content\/uploads\/2024\/10\/young-caucasian-students-with-cups-of-coffee-2023-11-27-05-32-37-utc.jpg 1400w, https:\/\/psiholog-satu-mare.com\/hu\/wp-content\/uploads\/2024\/10\/young-caucasian-students-with-cups-of-coffee-2023-11-27-05-32-37-utc-300x200.jpg 300w, https:\/\/psiholog-satu-mare.com\/hu\/wp-content\/uploads\/2024\/10\/young-caucasian-students-with-cups-of-coffee-2023-11-27-05-32-37-utc-1024x683.jpg 1024w\" sizes=\"auto, (max-width: 1400px) 100vw, 1400px\" \/><\/div><\/div><\/div><\/div><\/div><\/div><\/div><\/section>\n","protected":false},"excerpt":{"rendered":"Gyermek- \u00e9s serd\u00fcl\u0151pszichoter\u00e1pia A gyermek- \u00e9s serd\u00fcl\u0151pszichoter\u00e1pia c\u00e9lja, hogy seg\u00edtsen a fiataloknak megbirk\u00f3zni a fejl\u0151d\u00e9s\u00fck sor\u00e1n felmer\u00fcl\u0151 \u00e9rzelmi, ment\u00e1lis \u00e9s t\u00e1rsadalmi kih\u00edv\u00e1sokkal. A serd\u00fcl\u0151kor az agy fejl\u0151d\u00e9s\u00e9nek kulcsfontoss\u00e1g\u00fa szakasza, amelyben a fiatalok identit\u00e1sukat keresik, \u00faj tapasztalatokat szereznek, \u00e9s kock\u00e1ztatnak. Daniel Siegel elm\u00e9lete szerint ebben az id\u0151szakban a fiatalok megtanulj\u00e1k felfedezni \u00f6nmagukat, kialak\u00edtani saj\u00e1t \u00e9let\u00fcket, \u00e9s...","protected":false},"author":3,"featured_media":0,"parent":0,"menu_order":0,"comment_status":"closed","ping_status":"closed","template":"","meta":{"footnotes":""},"class_list":["post-172","page","type-page","status-publish","hentry"],"_links":{"self":[{"href":"https:\/\/psiholog-satu-mare.com\/hu\/wp-json\/wp\/v2\/pages\/172","targetHints":{"allow":["GET"]}}],"collection":[{"href":"https:\/\/psiholog-satu-mare.com\/hu\/wp-json\/wp\/v2\/pages"}],"about":[{"href":"https:\/\/psiholog-satu-mare.com\/hu\/wp-json\/wp\/v2\/types\/page"}],"author":[{"embeddable":true,"href":"https:\/\/psiholog-satu-mare.com\/hu\/wp-json\/wp\/v2\/users\/3"}],"replies":[{"embeddable":true,"href":"https:\/\/psiholog-satu-mare.com\/hu\/wp-json\/wp\/v2\/comments?post=172"}],"version-history":[{"count":6,"href":"https:\/\/psiholog-satu-mare.com\/hu\/wp-json\/wp\/v2\/pages\/172\/revisions"}],"predecessor-version":[{"id":276,"href":"https:\/\/psiholog-satu-mare.com\/hu\/wp-json\/wp\/v2\/pages\/172\/revisions\/276"}],"wp:attachment":[{"href":"https:\/\/psiholog-satu-mare.com\/hu\/wp-json\/wp\/v2\/media?parent=172"}],"curies":[{"name":"wp","href":"https:\/\/api.w.org\/{rel}","templated":true}]}}