{"id":202,"date":"2024-10-21T06:56:11","date_gmt":"2024-10-21T06:56:11","guid":{"rendered":"https:\/\/psiholog-satu-mare.com\/hu\/?page_id=202"},"modified":"2025-02-07T10:40:11","modified_gmt":"2025-02-07T10:40:11","slug":"hangulatzavarok-depresszio-kezelese","status":"publish","type":"page","link":"https:\/\/psiholog-satu-mare.com\/hu\/hangulatzavarok-depresszio-kezelese\/","title":{"rendered":"Hangulatzavarok, depresszi\u00f3 \u00e9s trauma kezel\u00e9se"},"content":{"rendered":"<section class=\"l-section wpb_row height_medium\"><div class=\"l-section-h i-cf\"><div class=\"g-cols vc_row via_flex valign_top type_default stacking_default\"><div class=\"vc_col-sm-12 wpb_column vc_column_container\"><div class=\"vc_column-inner\"><div class=\"wpb_wrapper\"><div class=\"wpb_text_column\"><div class=\"wpb_wrapper\"><h1 class=\"p1\">Hangulatzavarok, depresszi\u00f3 \u00e9s trauma kezel\u00e9se<\/h1>\n<\/div><\/div><div class=\"wpb_text_column\"><div class=\"wpb_wrapper\"><p class=\"p1\"><strong>A m\u00falt terhei nem hat\u00e1rozhatj\u00e1k meg a j\u00f6v\u0151det<\/strong><br \/>\nA depresszi\u00f3 gyakran m\u00e9lyebb gy\u00f6kerekkel rendelkezik, mint amit els\u0151re gondoln\u00e1nk. Egy kor\u00e1bbi trauma \u2013 legyen az vesztes\u00e9g, b\u00e1ntalmaz\u00e1s, kr\u00edzishelyzet vagy \u00e9rzelmi s\u00e9r\u00fcl\u00e9s \u2013 sok esetben hozz\u00e1j\u00e1rulhat ahhoz, hogy az \u00e9let neh\u00e9zs\u00e9gei alatt \u00f6sszeroppanunk.<\/p>\n<p class=\"p1\">Fontos tudni, hogy a trauma \u00e9s a depresszi\u00f3 k\u00f6z\u00f6tti kapcsolat felt\u00e1r\u00e1sa \u00e9s kezel\u00e9se a gy\u00f3gyul\u00e1s egyik legfontosabb l\u00e9p\u00e9se. Az \u00e9rzelmi sebek feldolgoz\u00e1sa lehets\u00e9ges \u2013 ebben a folyamatban c\u00e9lzott seg\u00edts\u00e9g \u00e1ll rendelkez\u00e9sre.<\/p>\n<p class=\"p1\"><strong>A gy\u00f3gyul\u00e1s folyamata<\/strong><br \/>\nEls\u0151 l\u00e9p\u00e9sk\u00e9nt a trauma \u00e9s a depresszi\u00f3 kapcsolat\u00e1t t\u00e9rk\u00e9pezz\u00fck fel. Az egy\u00fcttm\u0171k\u00f6d\u00e9s sor\u00e1n megtanuljuk felismerni a f\u00e1jdalmat kiv\u00e1lt\u00f3 mint\u00e1kat, feldolgozzuk a m\u00falt esem\u00e9nyeit, \u00e9s \u00faj megk\u00fczd\u00e9si strat\u00e9gi\u00e1kat alak\u00edtunk ki.<\/p>\n<p class=\"p1\"><strong>Traumak\u00f6zpont\u00fa megk\u00f6zel\u00edt\u00e9s<\/strong><\/p>\n<ul class=\"ul1\">\n<li class=\"li1\"><span class=\"s1\"><\/span>A depresszi\u00f3 m\u00f6g\u00f6tt h\u00faz\u00f3d\u00f3 \u00e9rzelmi s\u00e9r\u00fcl\u00e9sek felt\u00e1r\u00e1sa \u00e9s feldolgoz\u00e1sa.<\/li>\n<li class=\"li1\"><span class=\"s1\"><\/span>Szem\u00e9lyre szabott m\u00f3dszerek, amelyek seg\u00edtenek a m\u00falt terheinek elenged\u00e9s\u00e9ben.<\/li>\n<li class=\"li1\"><span class=\"s1\"><\/span>Stressz \u00e9s szorong\u00e1s cs\u00f6kkent\u00e9se, valamint az \u00e9rzelmi egyens\u00faly helyre\u00e1ll\u00edt\u00e1sa.<\/li>\n<li class=\"li1\"><span class=\"s1\"><\/span>Az \u00f6n\u00e9rt\u00e9kel\u00e9s \u00e9s \u00f6nbizalom meger\u0151s\u00edt\u00e9se, hogy a jelen \u00e9s a j\u00f6v\u0151 pozit\u00edvabb\u00e1 v\u00e1ljon.<\/li>\n<\/ul>\n<p class=\"p1\"><strong>Ne hagyd, hogy a m\u00falt fogva tartson!<\/strong><br \/>\nA depresszi\u00f3 \u00e9s trauma hat\u00e1sai lek\u00fczdhet\u0151k \u2013 a gy\u00f3gyul\u00e1s lehets\u00e9ges, \u00e9s egy szabadabb, boldogabb \u00e9let v\u00e1r r\u00e1d.<\/p>\n<\/div><\/div><\/div><\/div><\/div><\/div><\/div><\/section><section class=\"l-section wpb_row height_medium\"><div class=\"l-section-h i-cf\"><div class=\"g-cols vc_row via_flex valign_top type_default stacking_default\"><div class=\"vc_col-sm-12 wpb_column vc_column_container\"><div class=\"vc_column-inner\"><div class=\"wpb_wrapper\"><div class=\"w-image align_none\"><div class=\"w-image-h\"><img decoding=\"async\" width=\"1400\" height=\"933\" src=\"https:\/\/psiholog-satu-mare.com\/hu\/wp-content\/uploads\/2024\/10\/thoughtful-woman-lying-down-psychiatrist-s-couch-appointment-with-her-therapist.jpg\" class=\"attachment-full size-full\" alt=\"\" loading=\"lazy\" srcset=\"https:\/\/psiholog-satu-mare.com\/hu\/wp-content\/uploads\/2024\/10\/thoughtful-woman-lying-down-psychiatrist-s-couch-appointment-with-her-therapist.jpg 1400w, https:\/\/psiholog-satu-mare.com\/hu\/wp-content\/uploads\/2024\/10\/thoughtful-woman-lying-down-psychiatrist-s-couch-appointment-with-her-therapist-300x200.jpg 300w, https:\/\/psiholog-satu-mare.com\/hu\/wp-content\/uploads\/2024\/10\/thoughtful-woman-lying-down-psychiatrist-s-couch-appointment-with-her-therapist-1024x682.jpg 1024w\" sizes=\"auto, (max-width: 1400px) 100vw, 1400px\" \/><\/div><\/div><\/div><\/div><\/div><\/div><\/div><\/section>\n","protected":false},"excerpt":{"rendered":"Hangulatzavarok, depresszi\u00f3 \u00e9s trauma kezel\u00e9se A m\u00falt terhei nem hat\u00e1rozhatj\u00e1k meg a j\u00f6v\u0151det A depresszi\u00f3 gyakran m\u00e9lyebb gy\u00f6kerekkel rendelkezik, mint amit els\u0151re gondoln\u00e1nk. Egy kor\u00e1bbi trauma \u2013 legyen az vesztes\u00e9g, b\u00e1ntalmaz\u00e1s, kr\u00edzishelyzet vagy \u00e9rzelmi s\u00e9r\u00fcl\u00e9s \u2013 sok esetben hozz\u00e1j\u00e1rulhat ahhoz, hogy az \u00e9let neh\u00e9zs\u00e9gei alatt \u00f6sszeroppanunk. Fontos tudni, hogy a trauma \u00e9s a depresszi\u00f3 k\u00f6z\u00f6tti...","protected":false},"author":3,"featured_media":0,"parent":0,"menu_order":0,"comment_status":"closed","ping_status":"closed","template":"","meta":{"footnotes":""},"class_list":["post-202","page","type-page","status-publish","hentry"],"_links":{"self":[{"href":"https:\/\/psiholog-satu-mare.com\/hu\/wp-json\/wp\/v2\/pages\/202","targetHints":{"allow":["GET"]}}],"collection":[{"href":"https:\/\/psiholog-satu-mare.com\/hu\/wp-json\/wp\/v2\/pages"}],"about":[{"href":"https:\/\/psiholog-satu-mare.com\/hu\/wp-json\/wp\/v2\/types\/page"}],"author":[{"embeddable":true,"href":"https:\/\/psiholog-satu-mare.com\/hu\/wp-json\/wp\/v2\/users\/3"}],"replies":[{"embeddable":true,"href":"https:\/\/psiholog-satu-mare.com\/hu\/wp-json\/wp\/v2\/comments?post=202"}],"version-history":[{"count":2,"href":"https:\/\/psiholog-satu-mare.com\/hu\/wp-json\/wp\/v2\/pages\/202\/revisions"}],"predecessor-version":[{"id":281,"href":"https:\/\/psiholog-satu-mare.com\/hu\/wp-json\/wp\/v2\/pages\/202\/revisions\/281"}],"wp:attachment":[{"href":"https:\/\/psiholog-satu-mare.com\/hu\/wp-json\/wp\/v2\/media?parent=202"}],"curies":[{"name":"wp","href":"https:\/\/api.w.org\/{rel}","templated":true}]}}