{"id":225,"date":"2024-10-21T07:31:32","date_gmt":"2024-10-21T07:31:32","guid":{"rendered":"https:\/\/psiholog-satu-mare.com\/hu\/?page_id=225"},"modified":"2024-10-21T07:42:06","modified_gmt":"2024-10-21T07:42:06","slug":"adatvedelmi-szabalyzat","status":"publish","type":"page","link":"https:\/\/psiholog-satu-mare.com\/hu\/adatvedelmi-szabalyzat\/","title":{"rendered":"Adatv\u00e9delmi Szab\u00e1lyzat"},"content":{"rendered":"<section class=\"l-section wpb_row height_medium\"><div class=\"l-section-h i-cf\"><div class=\"g-cols vc_row via_flex valign_top type_default stacking_default\"><div class=\"vc_col-sm-12 wpb_column vc_column_container\"><div class=\"vc_column-inner\"><div class=\"wpb_wrapper\"><div class=\"wpb_text_column\"><div class=\"wpb_wrapper\"><h1>SZEM\u00c9LYES ADATOK KEZEL\u00c9SE<\/h1>\n<\/div><\/div><\/div><\/div><\/div><\/div><\/div><\/section><section class=\"l-section wpb_row height_medium\"><div class=\"l-section-h i-cf\"><div class=\"g-cols vc_row via_flex valign_top type_default stacking_default\"><div class=\"vc_col-sm-12 wpb_column vc_column_container\"><div class=\"vc_column-inner\"><div class=\"wpb_wrapper\"><div class=\"wpb_text_column\"><div class=\"wpb_wrapper\"><p>T\u00c1J\u00c9KOZTAT\u00d3 FORMANYOMTATV\u00c1NY<\/p>\n<p>A SZEM\u00c9LYES ADATOK KEZEL\u00c9S\u00c9VEL KAPCSOLATBAN<\/p>\n<p>Kik vagyunk?<\/p>\n<p>A MINDLABYRINTH SRL sz\u00e9khelye: <span class=\"s1\">Municipiul<\/span><span class=\"s5\"> <\/span><span class=\"s1\">Satu<\/span><span class=\"s6\"> <\/span><span class=\"s1\">Mare,<\/span><span class=\"s7\"> <\/span><span class=\"s1\">Strada<\/span><span class=\"s8\"> <\/span><span class=\"s1\">CAREIULUI,<\/span><span class=\"s6\"> <\/span><span class=\"s1\">Nr<\/span><span class=\"s3\">;-<\/span><span class=\"s1\">15<\/span><span class=\"s2\">_<\/span><span class=\"s1\">6,<\/span><span class=\"s9\"> <\/span><span class=\"s1\">Judet<\/span><span class=\"s8\"> <\/span><span class=\"s1\">Satu<\/span><span class=\"s6\"> <\/span><span class=\"s1\">Mare<\/span>, e-mail: marketing.mindlabyrinth@gmail.com, telefon: 0745 311 876, mint szem\u00e9lyes adatkezel\u0151, j\u00f3hiszem\u0171en, tisztess\u00e9gesen \u00e9s \u00e1tl\u00e1that\u00f3an, biztons\u00e1gos k\u00f6r\u00fclm\u00e9nyek k\u00f6z\u00f6tt, meghat\u00e1rozott \u00e9s jogszer\u0171 c\u00e9lokra kezeli \u00fcgyfelei szem\u00e9lyes adatait.<\/p>\n<p>Az adatv\u00e9delem\u00e9rt felel\u0151s szem\u00e9ly: Barbara Beata, e-mail: marketing.mindlabyrinth@gmail.com.<\/p>\n<p>Mi a c\u00e9lja az adatok gy\u0171jt\u00e9s\u00e9nek?<\/p>\n<p>Az adatok kezel\u00e9s\u00e9nek c\u00e9lja:<\/p>\n<ul>\n<li>K\u00e9r\u00e9seid sikeres megv\u00e1laszol\u00e1sa.<\/li>\n<li>T\u00e1j\u00e9koztat\u00e1s ny\u00fajt\u00e1sa aj\u00e1nlatainkr\u00f3l, prom\u00f3ci\u00f3inkr\u00f3l.<\/li>\n<li>A megrendelt vagy nyert term\u00e9kek sz\u00e1ml\u00e1z\u00e1s\u00e1hoz sz\u00fcks\u00e9ges, ad\u00f3t\u00f6rv\u00e9ny \u00e1ltal el\u0151\u00edrt adatok bek\u00e9r\u00e9se.<\/li>\n<\/ul>\n<p>Milyen adatokat kezel\u00fcnk?<br \/>\nK\u00f6zvetlen adatok: p\u00e9ld\u00e1ul, amikor \u00fczenetet \u00edrsz nek\u00fcnk a kapcsolatfelv\u00e9teli \u0171rlapon kereszt\u00fcl, vagy k\u00f6zvetett adatok: p\u00e9ld\u00e1ul az IP-c\u00edmed azonos\u00edt\u00e1sa. Az IP-c\u00edmedet nem haszn\u00e1ljuk azonos\u00edt\u00e1sra, de t\u00e1j\u00e9koztatunk, hogy az IP-c\u00edmedet t\u00e1roljuk, amikor megl\u00e1togatod weboldalunkat \u2013 els\u0151sorban biztons\u00e1gi okokb\u00f3l. Jogod van k\u00e9rni az IP-c\u00edmed t\u00f6rl\u00e9s\u00e9t!<\/p>\n<p>Az interakci\u00f3id f\u00fcggv\u00e9ny\u00e9ben, amelyeket a weboldalunkkal folytatsz, az \u00e1ltalunk gy\u0171jt\u00f6tt szem\u00e9lyes adatok a k\u00f6vetkez\u0151k:<\/p>\n<p>\u2013 N\u00e9v \u00e9s vezet\u00e9kn\u00e9v \u2013 azonos\u00edt\u00e1s c\u00e9lj\u00e1b\u00f3l; \u2013 E-mail c\u00edm \u2013 a kommunik\u00e1ci\u00f3 \u00e9rdek\u00e9ben; \u2013 Telefonsz\u00e1m \u2013 a kommunik\u00e1ci\u00f3 \u00e9rdek\u00e9ben; \u2013 C\u00e9g \u2013 azonos\u00edt\u00e1s c\u00e9lj\u00e1b\u00f3l; \u2013 Tev\u00e9kenys\u00e9gi ter\u00fclet \u2013 azonos\u00edt\u00e1s c\u00e9lj\u00e1b\u00f3l; Az \u00f6nk\u00e9ntelen\u00fcl tov\u00e1bb\u00edtott adatok, amikor kapcsolatba l\u00e9psz a weboldalunkkal:<\/p>\n<p>IP-c\u00edm \u2013 Amikor megl\u00e1togatod a weboldalunkat, az IP-c\u00edmed r\u00f6gz\u00edt\u00e9sre ker\u00fcl. Azonban az IP-c\u00edmedet nem haszn\u00e1ljuk azonos\u00edt\u00e1sra vagy m\u00e1s c\u00e9lokra.<\/p>\n<p>Oper\u00e1ci\u00f3s rendszer, b\u00f6ng\u00e9sz\u0151, b\u00f6ng\u00e9sz\u00e9si tev\u00e9kenys\u00e9g \u00e9s egy\u00e9b inform\u00e1ci\u00f3k arr\u00f3l, hogyan l\u00e9pt\u00e9l kapcsolatba a weboldalunkkal. Ezeket az inform\u00e1ci\u00f3kat s\u00fctik (cookies) vagy m\u00e1s hasonl\u00f3 technol\u00f3gi\u00e1k haszn\u00e1lat\u00e1val gy\u0171jthetj\u00fck. A r\u00e9szletek\u00e9rt k\u00e9rj\u00fck, olvasd el a Cookie-kra vonatkoz\u00f3 szab\u00e1lyzatunkat.<\/p>\n<p>Mi a jogalap ezen adatok kezel\u00e9s\u00e9hez?<\/p>\n<p>Az \u00e1ltalad \u00f6nk\u00e9nt megadott adatok (n\u00e9v, vezet\u00e9kn\u00e9v, telefonsz\u00e1m, e-mail c\u00edm) \u2013 a jogalap a k\u00f6vetkez\u0151:<\/p>\n<p>\u2013 Az \u00f6nk\u00e9ntes hozz\u00e1j\u00e1rul\u00e1sod. (az EU 679\/2016 rendelet\u00e9nek 6. cikk (1) bekezd\u00e9s a) pontja) direkt marketing tev\u00e9kenys\u00e9gekhez, h\u00edrlev\u00e9l k\u00fcld\u00e9s\u00e9hez, esem\u00e9nyekre val\u00f3 megh\u00edv\u00e1sokhoz stb. \u2013 A szerz\u0151d\u00e9sk\u00f6t\u00e9s el\u0151tti int\u00e9zked\u00e9sek vagy a szerz\u0151d\u00e9s v\u00e9grehajt\u00e1sa \u00e9rdek\u00e9ben v\u00e9gzett int\u00e9zked\u00e9sek (az EU 679\/2016 rendelet\u00e9nek 6. cikk (1) bekezd\u00e9s b) \u00e9s c) pontja) szolg\u00e1ltat\u00e1saink vagy term\u00e9keink megv\u00e1s\u00e1rl\u00e1s\u00e1hoz. Az adatokat arra is haszn\u00e1ljuk, hogy sz\u00fcks\u00e9g eset\u00e9n ad\u00f3sz\u00e1ml\u00e1t \u00e1ll\u00edtsunk ki sz\u00e1modra.<\/p>\n<p>A s\u00fctik (cookies) vagy m\u00e1s hasonl\u00f3 technol\u00f3gi\u00e1k seg\u00edts\u00e9g\u00e9vel automatikusan gy\u0171jt\u00f6tt adatok tekintet\u00e9ben a jogalap a hozz\u00e1j\u00e1rul\u00e1sod. A weboldal el\u00e9r\u00e9s\u00e9vel \u00e9s a &#8220;DA\/Egyet\u00e9rtek&#8221; lehet\u0151s\u00e9g kiv\u00e1laszt\u00e1s\u00e1val \u00e9rv\u00e9nyesen hozz\u00e1j\u00e1rulsz az adatok kezel\u00e9s\u00e9hez. Tov\u00e1bbi r\u00e9szletek\u00e9rt k\u00e9rj\u00fck, olvasd el a Cookie-kra vonatkoz\u00f3 szab\u00e1lyzatunkat.<\/p>\n<p>Szem\u00e9lyes adataid felhaszn\u00e1l\u00e1sa<\/p>\n<p>Lehet\u0151s\u00e9ged van d\u00f6nteni arr\u00f3l, hogy milyen adatokat osztasz meg vel\u00fcnk. Amikor szem\u00e9lyes adatokat k\u00e9r\u00fcnk t\u0151led, jogod van megtagadni az adatok megad\u00e1s\u00e1t. Ha \u00fagy d\u00f6ntesz, hogy nem szolg\u00e1ltatsz olyan adatokat, amelyek sz\u00fcks\u00e9gesek egy szolg\u00e1ltat\u00e1s ny\u00fajt\u00e1s\u00e1hoz vagy a vel\u00fcnk val\u00f3 kommunik\u00e1ci\u00f3hoz, el\u0151fordulhat, hogy nem tudod megszerezni a k\u00edv\u00e1nt inform\u00e1ci\u00f3kat (p\u00e9ld\u00e1ul a rendel\u00e9s lead\u00e1s\u00e1hoz sz\u00fcks\u00e9ges adatok).<\/p>\n<p><strong>N\u00e9v \u00e9s vezet\u00e9kn\u00e9v<\/strong><\/p>\n<p><strong>Hogyan haszn\u00e1ljuk a neved \u00e9s a vezet\u00e9kneved?<\/strong><br \/>\n<strong>Mi\u00e9rt?<\/strong><br \/>\n<strong>Kapcsolatfelv\u00e9tel<\/strong><br \/>\nSz\u00fcks\u00e9ges, hogy megadd szem\u00e9lyes adataidat, hogy megkezdj\u00fck a kommunik\u00e1ci\u00f3t egy szerz\u0151d\u00e9sk\u00f6t\u00e9s \u00e9rdek\u00e9ben.<br \/>\n<strong>Csal\u00e1sok felismer\u00e9se \u00e9s megel\u0151z\u00e9se<\/strong><br \/>\nAz\u00e9rt k\u00fcld\u00fcnk e-maileket, hogy meger\u0151s\u00edts\u00fck a szem\u00e9lyazonoss\u00e1godat, \u00edgy megel\u0151zz\u00fck, hogy m\u00e1sok haszn\u00e1lj\u00e1k az adataidat.<br \/>\n<strong>\u00dcgyf\u00e9lszolg\u00e1lat<\/strong><br \/>\nAdataidat az \u00fcgyf\u00e9lszolg\u00e1lati \u00e9s t\u00e1mogat\u00e1si szolg\u00e1ltat\u00e1sok ny\u00fajt\u00e1s\u00e1ra haszn\u00e1ljuk, ak\u00e1r k\u00f6zvetlen\u00fcl, ak\u00e1r call centeren kereszt\u00fcl.<\/p>\n<p><strong>Inform\u00e1ci\u00f3k a telefonodr\u00f3l, laptopodr\u00f3l vagy tabletedr\u0151l, \u00e9s a weboldal haszn\u00e1lat\u00e1r\u00f3l<\/strong><\/p>\n<p>Azok az inform\u00e1ci\u00f3k, amelyeket b\u00f6ng\u00e9sz\u00e9s k\u00f6zben adsz meg, bele\u00e9rtve az IP-c\u00edmedet \u00e9s a haszn\u00e1lt eszk\u00f6zt\u00edpust. Emellett elmentj\u00fck a weboldal haszn\u00e1lat\u00e1nak m\u00f3dj\u00e1val kapcsolatos inform\u00e1ci\u00f3kat is.<\/p>\n<p><strong>Hogyan haszn\u00e1ljuk a telefonodr\u00f3l, laptopodr\u00f3l vagy tabletedr\u0151l sz\u00e1rmaz\u00f3 adatokat \u00e9s a weboldalhaszn\u00e1latodat?<\/strong><br \/>\n<strong>Mi\u00e9rt?<\/strong><br \/>\n<strong>Felhaszn\u00e1l\u00f3i \u00e9lm\u00e9ny jav\u00edt\u00e1sa<\/strong><br \/>\nA b\u00f6ng\u00e9sz\u00e9s \u00e9lm\u00e9ny\u00e9t optimaliz\u00e1ljuk, hogy a lehet\u0151 legjobban illeszkedjen az eszk\u00f6z\u00f6dh\u00f6z.<br \/>\n<strong>Legjobb b\u00f6ng\u00e9sz\u00e9si \u00e9lm\u00e9ny biztos\u00edt\u00e1sa<\/strong><br \/>\nAz\u00e9rt, hogy a lehet\u0151 legjobb felhaszn\u00e1l\u00f3i \u00e9lm\u00e9nyt ny\u00fajthassuk a weboldalon.<br \/>\n<strong>Weboldal v\u00e9delme<\/strong><br \/>\nAz\u00e9rt, hogy megel\u0151zz\u00fck \u00e9s felismerj\u00fck az esetleges csal\u00e1sokat veled vagy a weboldalunkkal szemben, \u00e9s biztos\u00edtsuk az adatok biztons\u00e1g\u00e1t.<\/p>\n<p>Nem vagy k\u00f6teles megadni az el\u0151bb eml\u00edtett adatokat, de ha nem teszed, el\u0151fordulhat, hogy nem tudsz marad\u00e9ktalanul \u00e9lvezni a weboldalunk b\u00f6ng\u00e9sz\u00e9si \u00e9lm\u00e9ny\u00e9t.<\/p>\n<p><strong>Az adatok t\u00e1rol\u00e1si id\u0151szaka<\/strong><\/p>\n<p>Szem\u00e9lyes adataidat csak addig t\u00e1roljuk, ameddig sz\u00fcks\u00e9ges a meghat\u00e1rozott c\u00e9lok el\u00e9r\u00e9s\u00e9hez, de legfeljebb addig, am\u00edg \u00fagy nem d\u00f6ntesz, hogy deaktiv\u00e1lod a felhaszn\u00e1l\u00f3i fi\u00f3kodat. Amennyiben sz\u00e1ml\u00e1t \u00e1ll\u00edtottunk ki neked, adataidat a t\u00f6rv\u00e9nyi el\u0151\u00edr\u00e1soknak megfelel\u0151en 10 \u00e9vig t\u00e1roljuk.<\/p>\n<p><strong>Kiknek tov\u00e1bb\u00edtjuk a szem\u00e9lyes adatokat?<\/strong><\/p>\n<p>Az adataidat nem osztjuk meg harmadik felekkel az \u0151 marketing- vagy kereskedelmi c\u00e9ljaikra a beleegyez\u00e9sed n\u00e9lk\u00fcl.<\/p>\n<p>Mindazon\u00e1ltal az al\u00e1bbi szervezetek sz\u00e1m\u00e1ra lehets\u00e9ges, hogy megosztjuk az adataidat:<\/p>\n<ul>\n<li><strong>Szolg\u00e1ltat\u00f3k:<\/strong> Az adataidat megoszthatjuk m\u00e1s c\u00e9gekkel, amelyek nek\u00fcnk ny\u00fajtanak szolg\u00e1ltat\u00e1sokat, p\u00e9ld\u00e1ul sz\u00e1ml\u00e1z\u00e1ssal foglalkoz\u00f3 c\u00e9gekkel, weboldal karbantart\u00f3kkal vagy olyan v\u00e1llalatokkal, amelyek a nev\u00fcnkben e-maileket k\u00fcldenek. Ezek a szervezetek szigor\u00fa adatv\u00e9delmi k\u00f6vetelm\u00e9nyeknek felelnek meg, \u00e9s csak az adott szolg\u00e1ltat\u00e1s ny\u00fajt\u00e1sa \u00e9rdek\u00e9ben haszn\u00e1lhatj\u00e1k fel az adataidat.<\/li>\n<li><strong>\u00c1llami hat\u00f3s\u00e1gok:<\/strong> Az \u00e1ltalad megadott adatokat felhaszn\u00e1lhatjuk kereskedelmi kommunik\u00e1ci\u00f3kban vagy k\u00e9rd\u00e9seid megv\u00e1laszol\u00e1s\u00e1ra, illetve jogszer\u0171 ig\u00e9nyek eset\u00e9n tov\u00e1bb\u00edthatjuk azokat az \u00e1llami hat\u00f3s\u00e1goknak vagy m\u00e1s feleknek a beleegyez\u00e9seddel vagy utas\u00edt\u00e1sod alapj\u00e1n.<\/li>\n<\/ul>\n<p>A jelen Adatv\u00e9delmi szab\u00e1lyzatban le\u00edrtakon k\u00edv\u00fcl adatokat csak akkor osztunk meg harmadik felekkel, ha erre kifejezetten beleegyez\u00e9sedet adod, vagy te k\u00e9rted.<\/p>\n<p><strong>Milyen jogaid vannak mint \u00e9rintett szem\u00e9ly?<\/strong><\/p>\n<p>A term\u00e9szetes szem\u00e9lyek szem\u00e9lyes adatainak v\u00e9delme alapvet\u0151 jog. Az Eur\u00f3pai Uni\u00f3 Alapjogi Chart\u00e1j\u00e1nak 8. cikk\u00e9nek (1) bekezd\u00e9se \u00e9s az Eur\u00f3pai Uni\u00f3 m\u0171k\u00f6d\u00e9s\u00e9r\u0151l sz\u00f3l\u00f3 szerz\u0151d\u00e9s (EUMSZ) 16. cikk\u00e9nek (1) bekezd\u00e9se biztos\u00edtja minden szem\u00e9ly sz\u00e1m\u00e1ra a szem\u00e9lyes adatok v\u00e9delm\u00e9hez val\u00f3 jogot.<\/p>\n<p>Az \u00e9rintett szem\u00e9lyek jogai a szem\u00e9lyes adatok kezel\u00e9s\u00e9vel \u00e9s ezen adatok szabad \u00e1raml\u00e1s\u00e1val kapcsolatban a k\u00f6vetkez\u0151k: t\u00e1j\u00e9koztat\u00e1shoz \u00e9s hozz\u00e1f\u00e9r\u00e9shez val\u00f3 jog; az adatok m\u00f3dos\u00edt\u00e1s\u00e1nak joga; a t\u00f6rl\u00e9shez val\u00f3 jog; az adatkezel\u00e9s korl\u00e1toz\u00e1s\u00e1nak joga; az adatok hordozhat\u00f3s\u00e1g\u00e1nak joga; tiltakoz\u00e1s joga \u00e9s az automatiz\u00e1lt egy\u00e9ni d\u00f6nt\u00e9shozatal, ide\u00e9rtve a profilalkot\u00e1st is; panaszt\u00e9tel joga a fel\u00fcgyeleti hat\u00f3s\u00e1gn\u00e1l (<a href=\"http:\/\/www.dataprotection.ro\" target=\"_new\" rel=\"noopener\"><span>www<\/span><span>.dataprotection<\/span><span>.ro<\/span><\/a>).<\/p>\n<p><strong>Kapcsolat<\/strong><\/p>\n<p>Amennyiben b\u00e1rmilyen inform\u00e1ci\u00f3ra van sz\u00fcks\u00e9ged a MINDLABYRINTH SRL weboldal\u00e1val, term\u00e9keivel vagy szolg\u00e1ltat\u00e1saival kapcsolatban, l\u00e9pj vel\u00fcnk kapcsolatba az al\u00e1bbi e-mail c\u00edmen: marketing.mindlabyrinth@gmail.com.<\/p>\n<p>Ha:<\/p>\n<p>\u2013 tov\u00e1bbi r\u00e9szleteket szeretn\u00e9l megtudni az ezen az oldalon tal\u00e1lhat\u00f3 inform\u00e1ci\u00f3kr\u00f3l,<br \/>\n\u2013 szeretn\u00e9d, hogy ne haszn\u00e1ljuk tov\u00e1bb a r\u00f3lad t\u00e1rolt adatokat,<br \/>\n\u2013 gyakorolni szeretn\u00e9d valamelyik fent eml\u00edtett jogodat,<br \/>\n\u2013 vagy panaszt szeretn\u00e9l tenni vel\u00fcnk szemben,<\/p>\n<p>k\u00e9rj\u00fck, \u00edrj nek\u00fcnk azmarketing.mindlabyrinth@gmail.com\u00a0e-mail c\u00edmre, vagy h\u00edvd a fenti telefonsz\u00e1mot.<\/p>\n<\/div><\/div><\/div><\/div><\/div><\/div><\/div><\/section>\n","protected":false},"excerpt":{"rendered":"SZEM\u00c9LYES ADATOK KEZEL\u00c9SE T\u00c1J\u00c9KOZTAT\u00d3 FORMANYOMTATV\u00c1NY A SZEM\u00c9LYES ADATOK KEZEL\u00c9S\u00c9VEL KAPCSOLATBAN Kik vagyunk? A MINDLABYRINTH SRL sz\u00e9khelye: Municipiul Satu Mare, Strada CAREIULUI, Nr;-15_6, Judet Satu Mare, e-mail: marketing.mindlabyrinth@gmail.com, telefon: 0745 311 876, mint szem\u00e9lyes adatkezel\u0151, j\u00f3hiszem\u0171en, tisztess\u00e9gesen \u00e9s \u00e1tl\u00e1that\u00f3an, biztons\u00e1gos k\u00f6r\u00fclm\u00e9nyek k\u00f6z\u00f6tt, meghat\u00e1rozott \u00e9s jogszer\u0171 c\u00e9lokra kezeli \u00fcgyfelei szem\u00e9lyes adatait. Az adatv\u00e9delem\u00e9rt felel\u0151s szem\u00e9ly: Barbara Beata,...","protected":false},"author":3,"featured_media":0,"parent":0,"menu_order":0,"comment_status":"closed","ping_status":"closed","template":"","meta":{"footnotes":""},"class_list":["post-225","page","type-page","status-publish","hentry"],"_links":{"self":[{"href":"https:\/\/psiholog-satu-mare.com\/hu\/wp-json\/wp\/v2\/pages\/225","targetHints":{"allow":["GET"]}}],"collection":[{"href":"https:\/\/psiholog-satu-mare.com\/hu\/wp-json\/wp\/v2\/pages"}],"about":[{"href":"https:\/\/psiholog-satu-mare.com\/hu\/wp-json\/wp\/v2\/types\/page"}],"author":[{"embeddable":true,"href":"https:\/\/psiholog-satu-mare.com\/hu\/wp-json\/wp\/v2\/users\/3"}],"replies":[{"embeddable":true,"href":"https:\/\/psiholog-satu-mare.com\/hu\/wp-json\/wp\/v2\/comments?post=225"}],"version-history":[{"count":3,"href":"https:\/\/psiholog-satu-mare.com\/hu\/wp-json\/wp\/v2\/pages\/225\/revisions"}],"predecessor-version":[{"id":230,"href":"https:\/\/psiholog-satu-mare.com\/hu\/wp-json\/wp\/v2\/pages\/225\/revisions\/230"}],"wp:attachment":[{"href":"https:\/\/psiholog-satu-mare.com\/hu\/wp-json\/wp\/v2\/media?parent=225"}],"curies":[{"name":"wp","href":"https:\/\/api.w.org\/{rel}","templated":true}]}}