{"id":239,"date":"2025-01-14T12:54:53","date_gmt":"2025-01-14T12:54:53","guid":{"rendered":"https:\/\/psiholog-satu-mare.com\/hu\/?page_id=239"},"modified":"2026-01-09T10:01:55","modified_gmt":"2026-01-09T10:01:55","slug":"esemenye","status":"publish","type":"page","link":"https:\/\/psiholog-satu-mare.com\/hu\/esemenye\/","title":{"rendered":"Esem\u00e9nyek"},"content":{"rendered":"<section class=\"l-section wpb_row row2 pad3 height_medium\"><div class=\"l-section-h i-cf\"><div class=\"g-cols vc_row via_flex valign_top type_default stacking_default\"><div class=\"vc_col-sm-12 wpb_column vc_column_container\"><div class=\"vc_column-inner\"><div class=\"wpb_wrapper\"><div class=\"wpb_text_column t1 mrgbot42\"><div class=\"wpb_wrapper\"><h2>Esem\u00e9nyek<\/h2>\n<p>Ahhoz, hogy a ter\u00e1pia a lehet\u0151 leghat\u00e9konyabb legyen, fontos hogy a megfelel\u0151 kezel\u00e9st tal\u00e1ljuk meg az \u00d6n sz\u00e1m\u00e1ra<\/p>\n<\/div><\/div><div class=\"g-cols wpb_row mrgbot42 whitetxt via_flex valign_top type_default stacking_default\"><div class=\"vc_col-sm-6 wpb_column vc_column_container\"><div class=\"vc_column-inner\"><div class=\"wpb_wrapper\"><div class=\"wpb_text_column img\"><div class=\"wpb_wrapper\"><p><img loading=\"lazy\" decoding=\"async\" class=\"alignnone wp-image-256 size-full\" src=\"https:\/\/psiholog-satu-mare.com\/hu\/wp-content\/uploads\/2025\/01\/2.png\" alt=\"\" width=\"184\" height=\"230\" \/><\/p>\n<\/div><\/div><div class=\"wpb_text_column txt\"><div class=\"wpb_wrapper\"><h3 class=\"cufon\">A lelki probl\u00e9m\u00e1k megold\u00e1s\u00e1ban fontos az \u00f6nismeret<\/h3>\n<p>Nagyon sok a szorong\u00f3 \u00e9s a depresszi\u00f3s ember. Barbara Be\u00e1ta klinikai szakpszichol\u00f3gussal a pszichoter\u00e1piai kezel\u00e9sekr\u0151l \u00e9s ezek eredm\u00e9nyess\u00e9g\u00e9r\u0151l, a szorong\u00e1sokr\u00f3l, valamint a p\u00e1rkapcsolati probl\u00e9m\u00e1k megold\u00e1s\u00e1nak a lehet\u0151s\u00e9geir\u0151l besz\u00e9lgett\u00fcnk.<\/p>\n<p><a href=\"https:\/\/psiholog-satu-mare.com\/hu\/a-lelki-problemak-megoldasaban-fontos-az-onismeret\">B\u0151vebben <i class=\"fa fa-arrow-right arrow-right\"><\/i><\/a><\/p>\n<\/div><\/div><\/div><\/div><\/div><div class=\"vc_col-sm-6 wpb_column vc_column_container\"><div class=\"vc_column-inner\"><div class=\"wpb_wrapper\"><div class=\"wpb_text_column img\"><div class=\"wpb_wrapper\"><p><img loading=\"lazy\" decoding=\"async\" class=\"alignnone wp-image-256 size-full\" src=\"https:\/\/psiholog-satu-mare.com\/hu\/wp-content\/uploads\/2025\/01\/2.png\" alt=\"\" width=\"184\" height=\"230\" \/><\/p>\n<\/div><\/div><div class=\"wpb_text_column txt\"><div class=\"wpb_wrapper\"><h3>Besz\u00e9lget\u00e9s az \u00e9rt\u00e9kr\u0151l \u00e9s identit\u00e1sr\u00f3l 1.<\/h3>\n<p>Besz\u00e9lget\u00e9s az \u00e9rt\u00e9kr\u0151l \u00e9s identit\u00e1sr\u00f3l (I.) 2017-03-10 A Besz\u00e9lget\u00e9sek testr\u0151l \u00e9s l\u00e9lekr\u0151l sorozatban szak\u00e9rt\u0151k \u00e9s megh\u00edvott vend\u00e9gek besz\u00e9lgettek arr\u00f3l, hogy mit tartanak ma az emberek \u2014 f\u0151k\u00e9nt a fiatalok \u2014 \u00e9rt\u00e9knek, hogyan alakul ki az \u00e9rt\u00e9krend \u00e9s az identit\u00e1s, ami meghat\u00e1rozza az ember jellem\u00e9t.<\/p>\n<p>B\u0151vebben <i class=\"fa fa-arrow-right arrow-right\"><\/i><\/p>\n<\/div><\/div><\/div><\/div><\/div><div class=\"vc_col-sm-6 wpb_column vc_column_container\"><div class=\"vc_column-inner\"><div class=\"wpb_wrapper\"><div class=\"wpb_text_column img\"><div class=\"wpb_wrapper\"><p><img loading=\"lazy\" decoding=\"async\" class=\"alignnone wp-image-256 size-full\" src=\"https:\/\/psiholog-satu-mare.com\/hu\/wp-content\/uploads\/2025\/01\/2.png\" alt=\"\" width=\"184\" height=\"230\" \/><\/p>\n<\/div><\/div><div class=\"wpb_text_column txt\"><div class=\"wpb_wrapper\"><h3>Besz\u00e9lget\u00e9s az \u00e9rt\u00e9kr\u0151l \u00e9s az identit\u00e1sr\u00f3l 2.<\/h3>\n<p>A Besz\u00e9lget\u00e9sek testr\u0151l \u00e9s l\u00e9lekr\u0151l sorozatban szak\u00e9rt\u0151k \u00e9s megh\u00edvott vend\u00e9gek besz\u00e9lgettek arr\u00f3l, hogy mit tartanak ma az emberek \u2014 f\u0151k\u00e9nt a fiatalok \u2014 \u00e9rt\u00e9knek, hogyan alakul ki az \u00e9rt\u00e9krend \u00e9s az identit\u00e1s, ami meghat\u00e1rozza az ember jellem\u00e9t.<\/p>\n<p><a href=\"https:\/\/psiholog-satu-mare.com\/hu\/beszelgetes-az-ertekrol-es-az-identitasrol-2\/\">B\u0151vebben <i class=\"fa fa-arrow-right arrow-right\"><\/i><\/a><\/p>\n<\/div><\/div><\/div><\/div><\/div><div class=\"vc_col-sm-6 wpb_column vc_column_container\"><div class=\"vc_column-inner\"><div class=\"wpb_wrapper\"><div class=\"wpb_text_column img\"><div class=\"wpb_wrapper\"><p><img loading=\"lazy\" decoding=\"async\" class=\"alignnone wp-image-249 size-full\" src=\"https:\/\/psiholog-satu-mare.com\/hu\/wp-content\/uploads\/2025\/01\/Besz_1.png\" alt=\"\" width=\"184\" height=\"230\" \/><\/p>\n<\/div><\/div><div class=\"wpb_text_column txt\"><div class=\"wpb_wrapper\"><h3>Besz\u00e9lget\u00e9s az \u00e9rt\u00e9kr\u0151l \u00e9s az identit\u00e1sr\u00f3l 3.<\/h3>\n<p><span>A Besz\u00e9lget\u00e9sek testr\u0151l \u00e9s l\u00e9lekr\u0151l sorozatban szak\u00e9rt\u0151k \u00e9s megh\u00edvott vend\u00e9gek besz\u00e9lgettek arr\u00f3l, hogy mit tartanak ma az emberek \u2014 f\u0151k\u00e9nt a fiatalok \u2014 \u00e9rt\u00e9knek, hogyan alakul ki az \u00e9rt\u00e9krend \u00e9s az identit\u00e1s, ami meghat\u00e1rozza az ember jellem\u00e9t.<\/span><\/p>\n<p><a href=\"https:\/\/psiholog-satu-mare.com\/hu\/beszelgetes-az-ertekrol-es-az-identitasrol-3\">B\u0151vebben <i class=\"fa fa-arrow-right arrow-right\"><\/i><\/a><\/p>\n<\/div><\/div><\/div><\/div><\/div><\/div><\/div><\/div><\/div><\/div><\/div><\/section>\n","protected":false},"excerpt":{"rendered":"Esem\u00e9nyek Ahhoz, hogy a ter\u00e1pia a lehet\u0151 leghat\u00e9konyabb legyen, fontos hogy a megfelel\u0151 kezel\u00e9st tal\u00e1ljuk meg az \u00d6n sz\u00e1m\u00e1ra A lelki probl\u00e9m\u00e1k megold\u00e1s\u00e1ban fontos az \u00f6nismeret Nagyon sok a szorong\u00f3 \u00e9s a depresszi\u00f3s ember. Barbara Be\u00e1ta klinikai szakpszichol\u00f3gussal a pszichoter\u00e1piai kezel\u00e9sekr\u0151l \u00e9s ezek eredm\u00e9nyess\u00e9g\u00e9r\u0151l, a szorong\u00e1sokr\u00f3l, valamint a p\u00e1rkapcsolati probl\u00e9m\u00e1k megold\u00e1s\u00e1nak a lehet\u0151s\u00e9geir\u0151l besz\u00e9lgett\u00fcnk. B\u0151vebben...","protected":false},"author":3,"featured_media":0,"parent":0,"menu_order":0,"comment_status":"closed","ping_status":"closed","template":"","meta":{"footnotes":""},"class_list":["post-239","page","type-page","status-publish","hentry"],"_links":{"self":[{"href":"https:\/\/psiholog-satu-mare.com\/hu\/wp-json\/wp\/v2\/pages\/239","targetHints":{"allow":["GET"]}}],"collection":[{"href":"https:\/\/psiholog-satu-mare.com\/hu\/wp-json\/wp\/v2\/pages"}],"about":[{"href":"https:\/\/psiholog-satu-mare.com\/hu\/wp-json\/wp\/v2\/types\/page"}],"author":[{"embeddable":true,"href":"https:\/\/psiholog-satu-mare.com\/hu\/wp-json\/wp\/v2\/users\/3"}],"replies":[{"embeddable":true,"href":"https:\/\/psiholog-satu-mare.com\/hu\/wp-json\/wp\/v2\/comments?post=239"}],"version-history":[{"count":14,"href":"https:\/\/psiholog-satu-mare.com\/hu\/wp-json\/wp\/v2\/pages\/239\/revisions"}],"predecessor-version":[{"id":358,"href":"https:\/\/psiholog-satu-mare.com\/hu\/wp-json\/wp\/v2\/pages\/239\/revisions\/358"}],"wp:attachment":[{"href":"https:\/\/psiholog-satu-mare.com\/hu\/wp-json\/wp\/v2\/media?parent=239"}],"curies":[{"name":"wp","href":"https:\/\/api.w.org\/{rel}","templated":true}]}}